{"id":16607,"date":"2021-03-23T10:37:21","date_gmt":"2021-03-23T08:37:21","guid":{"rendered":"https:\/\/www.fundaciomeritxell.cat\/?page_id=16607"},"modified":"2021-03-25T09:55:40","modified_gmt":"2021-03-25T07:55:40","slug":"amipa","status":"publish","type":"page","link":"https:\/\/www.fundaciomeritxell.cat\/fr\/amipa\/","title":{"rendered":"AMiPA"},"content":{"rendered":"\n<h3 class=\"wp-block-heading\">Pr\u00e9sentation<\/h3>\n\n\n\n<p>Bienvenus au microsite de l\u2019Association des Parents d\u2019\u00c9l\u00e8ves de l\u2019\u00c9cole Meritxell! Ici vous pouvez trouver de l\u2019information sur les fonctions de cette association, la structure du Comit\u00e9 Directeur et sa participation parmi l\u2019autorit\u00e9 du rectorat de l\u2019\u00c9cole, ainsi que de l\u2019information sur les diff\u00e9rentes Commissions, l\u2019ensemble des D\u00e9l\u00e9gu\u00e9s de Cours et les Fonds Solidaires.<\/p>\n\n\n\n<p>Cet espace web ne veut pas \u00eatre seulement un canal d\u2019information g\u00e9n\u00e9rale mais aussi une opportunit\u00e9 pour obtenir une plus grande et active collaboration des familles dans les activit\u00e9s de l\u2019Association. On envisage notre association comme un parfait canal de participation et communication directe avec toutes les familles d\u2019\u00e9l\u00e8ves. Cela permet une relation plus \u00e9troite entre les membres de la communaut\u00e9 \u00e9ducative de notre \u00c9cole.<\/p>\n\n\n\n<p>Fonctions de l\u2019Association<\/p>\n\n\n\n<p>Les objectifs et les fonctions de l\u2019Association se recueillent dans l\u2019article 2 des statuts et se concr\u00e8tent principalement dans les points suivants:<\/p>\n\n\n\n<p>Donner du support et de l\u2019assistance \u00e0 tout l\u2019ensemble des personnes qui interviennent dans le bon d\u00e9roulement de l\u2019\u00e9cole (m\u00e8res, p\u00e8res ou tuteurs l\u00e9gales, professeurs, \u00e9l\u00e8ves et autorit\u00e9s g\u00e9rantes et participantes).<\/p>\n\n\n\n<p>Promouvoir la repr\u00e9sentation et la participation des m\u00e8res, p\u00e8res ou tuteurs l\u00e9gales dans les domaines d\u00e9finis dans les Statuts.<\/p>\n\n\n\n<p>Coop\u00e9rer dans la cons\u00e9cution des objectifs de la Fondation Meritxell, \u00e9tablissement titulaire de l\u2019\u00c9cole Meritxell.<\/p>\n\n\n\n<p>Faciliter la collaboration de l\u2019\u00c9cole dans le domaine social, culturel, \u00e9conomique et de travail de notre entourage.<\/p>\n\n\n\n<p>R\u00e9seau des D\u00e9l\u00e9gu\u00e9s de Cours<\/p>\n\n\n\n<p>La figure du D\u00e9l\u00e9gu\u00e9 du Cours na\u00eet du besoin d\u2019atteindre une communication plus fluide entre les familles, l\u2019Association et l\u2019\u00c9cole.<\/p>\n\n\n\n<p>Au d\u00e9but de l\u2019ann\u00e9e scolaire, les familles choisissent deux repr\u00e9sentants parmi les m\u00e8res et p\u00e8res de chaque cours. La mission de ces d\u00e9l\u00e9gu\u00e9s est d\u2019\u00eatre fil conducteur dans la communication entre les familles, l\u2019Association et les diff\u00e9rents interlocuteurs de l\u2019\u00c9cole. Dans le Comit\u00e9 Directeur de l\u2019Association, il y a un coordinateur pour chacune des diff\u00e9rentes \u00e9tapes \u00e9ducatives, choisi parmi l\u2019ensemble des D\u00e9l\u00e9gu\u00e9s de Cours, et qui sera le lien entre les D\u00e9l\u00e9gu\u00e9s et le Comit\u00e9 de Direction mentionn\u00e9 ci haut.<\/p>\n","protected":false},"excerpt":{"rendered":"<p>Pr\u00e9sentation Bienvenus au microsite de l\u2019Association des Parents d\u2019\u00c9l\u00e8ves de l\u2019\u00c9cole Meritxell! Ici vous pouvez trouver de l\u2019information sur les fonctions de cette association, la structure du Comit\u00e9 Directeur et sa participation parmi l\u2019autorit\u00e9 du rectorat de l\u2019\u00c9cole, ainsi que de l\u2019information sur les diff\u00e9rentes Commissions, l\u2019ensemble des D\u00e9l\u00e9gu\u00e9s de &hellip; <\/p>\n","protected":false},"author":2,"featured_media":0,"parent":0,"menu_order":0,"comment_status":"closed","ping_status":"closed","template":"","meta":{"rs_blank_template":"","rs_page_bg_color":"","slide_template_v7":"","footnotes":""},"class_list":["post-16607","page","type-page","status-publish","hentry"],"_links":{"self":[{"href":"https:\/\/www.fundaciomeritxell.cat\/fr\/wp-json\/wp\/v2\/pages\/16607","targetHints":{"allow":["GET"]}}],"collection":[{"href":"https:\/\/www.fundaciomeritxell.cat\/fr\/wp-json\/wp\/v2\/pages"}],"about":[{"href":"https:\/\/www.fundaciomeritxell.cat\/fr\/wp-json\/wp\/v2\/types\/page"}],"author":[{"embeddable":true,"href":"https:\/\/www.fundaciomeritxell.cat\/fr\/wp-json\/wp\/v2\/users\/2"}],"replies":[{"embeddable":true,"href":"https:\/\/www.fundaciomeritxell.cat\/fr\/wp-json\/wp\/v2\/comments?post=16607"}],"version-history":[{"count":0,"href":"https:\/\/www.fundaciomeritxell.cat\/fr\/wp-json\/wp\/v2\/pages\/16607\/revisions"}],"wp:attachment":[{"href":"https:\/\/www.fundaciomeritxell.cat\/fr\/wp-json\/wp\/v2\/media?parent=16607"}],"curies":[{"name":"wp","href":"https:\/\/api.w.org\/{rel}","templated":true}]}}