{"id":16581,"date":"2021-03-22T17:25:14","date_gmt":"2021-03-22T15:25:14","guid":{"rendered":"https:\/\/www.fundaciomeritxell.cat\/?page_id=16581"},"modified":"2026-03-20T16:31:05","modified_gmt":"2026-03-20T14:31:05","slug":"doip","status":"publish","type":"page","link":"https:\/\/www.fundaciomeritxell.cat\/fr\/doip\/","title":{"rendered":"DOIP"},"content":{"rendered":"<div class=\"wpb-content-wrapper\"><p>[vc_row][vc_column][vc_single_image image=\u00a0\u00bb26296&Prime; img_size=\u00a0\u00bbfull\u00a0\u00bb alignment=\u00a0\u00bbcenter\u00a0\u00bb css=\u00a0\u00bb\u00a0\u00bb][\/vc_column][\/vc_row][vc_row][vc_column][vc_column_text css=\u00a0\u00bb\u00a0\u00bb]<\/p>\r\n<p>Le D\u00e9partement Psychop\u00e9dagogique est un service qu\u2019offre l\u2019\u00e9cole avec le but de s\u2019occuper des \u00e9l\u00e8ves \u00e0 niveau de leur r\u00e9alit\u00e9 sp\u00e9cifique mais aussi des consid\u00e9rations globales. La t\u00e2che principale du d\u00e9partement est l\u2019intervention pr\u00e9ventive et l\u2019aide aux parents, \u00e9l\u00e8ves et professeurs, pour le bon d\u00e9roulement quotidien des journ\u00e9es scolaires.Il est form\u00e9 par une \u00e9quipe de psychop\u00e9dagogues et psychologues qui contribuent notablement au d\u00e9veloppement personnel et social des \u00e9l\u00e8ves. Ce travail vient renforcer l\u2019acquisition des connaissances des mati\u00e8res scolaires.<\/p>\r\n\r\n<p>&nbsp;<\/p>\r\n\r\n<h2 class=\"wp-block-heading\">Membres de l\u2019\u00c9quipe Psychop\u00e9dagogique<\/h2>\r\n\r\n<p>\u2022 Roser Just (Psychologue).<\/p>\r\n\r\n<p>\u2022 Esther Brecha (Psychologue et psychop\u00e9dagogue).<\/p>\r\n\r\n<p>\u2022 Carla Aguilar (P\u00e9dagogue).<\/p>\r\n\r\n<p>\u2022 Mar\u00eda Llu\u00efsa Grimal (Philologue et orthophoniste).<\/p>\r\n\r\n<p>&nbsp;<\/p>\r\n\r\n<h2 class=\"wp-block-heading\">Les Fonctions du D\u00e9partement<\/h2>\r\n\r\n<p>\u2022 <strong>Analyser et \u00e9valuer<\/strong> les \u00e9l\u00e8ves qui pr\u00e9sentent des difficult\u00e9s ou des caract\u00e9ristiques qui peuvent ralentir son d\u00e9veloppement \u00e0 niveau scolaire , mais aussi personnel.<\/p>\r\n\r\n<p>\u2022 <strong>R\u00e9aliser des \u00e9valuations<\/strong> psychop\u00e9dagogiques individuelles et groupales (tests psychotechniques).<\/p>\r\n\r\n<p>&nbsp;<\/p>\r\n<div class=\"wp-block-image\">\r\n<figure class=\"alignleft is-resized\"><img loading=\"lazy\" decoding=\"async\" width=\"483\" height=\"448\" class=\"wp-image-11065\" style=\"width: 250px; height: 232px;\" src=\"https:\/\/www.fundaciomeritxell.cat\/wp-content\/uploads\/2018\/11\/DOIP-Escola-Meritxell-Mataro-e1541533345632.jpg\" alt=\"Servei de Psicopedagogia Escola Meritxell de Matar\u00f3\" title=\"\" srcset=\"https:\/\/www.fundaciomeritxell.cat\/wp-content\/uploads\/2018\/11\/DOIP-Escola-Meritxell-Mataro-e1541533345632.jpg 483w, https:\/\/www.fundaciomeritxell.cat\/wp-content\/uploads\/2018\/11\/DOIP-Escola-Meritxell-Mataro-e1541533345632-300x278.jpg 300w\" sizes=\"auto, (max-width: 483px) 100vw, 483px\" \/><\/figure>\r\n<\/div>\r\n<p>\u2022 <strong>Orienter ,\u00a0conseiller et donner du soutien au groupe de professeurs<\/strong> dans les processus enseignement\/apprentissage ,\u00a0ainsi qu\u2019aux \u00e9l\u00e8ves avec des n\u00e9cessit\u00e9s \u00e9ducatives sp\u00e9ciales , prenant comme r\u00e9f\u00e9rence les apprentissages programm\u00e9s et leurs conditions.<\/p>\r\n\r\n<p>\u2022 Fournir des ressources et des strat\u00e9gies pour <strong>l\u2019attention \u00e0 la diversit\u00e9<\/strong>.<\/p>\r\n\r\n<p>\u2022 Conseiller sur les plans individualis\u00e9s. Travailler sur les actions qui se dirigent \u00e0 la <strong>pr\u00e9vention des difficult\u00e9s d\u2019apprentissages des \u00e9l\u00e8ves<\/strong>.<\/p>\r\n\r\n<p>\u2022 D\u00e9river les quelques cas de psychoth\u00e9rapie (troubles psychologiques ou neuropsychologiques) ,\u00a0si n\u00e9cessaire ,\u00a0\u00e0 d\u2019autres centres ou d\u2019autres professionnels externes. Certaines diagnoses ou de traitement ne peuvent \u00eatre trait\u00e9s dans le domaine scolaire.<\/p>\r\n\r\n<p>\u2022 <strong>Faire le suivi des cas d\u2019\u00e9l\u00e8ves qui auraient besoin de l\u2019aide externe de professionnels et sp\u00e9cialistes<\/strong> en dehors de l\u2019horaire scolaire ,\u00a0avec le but de partager de l\u2019information et d\u2019unifier les crit\u00e8res sur les actions \u00e0 prendre vis-\u00e0-vis de ces \u00e9l\u00e8ves.<\/p>\r\n\r\n<p>&nbsp;<\/p>\r\n\r\n<div class=\"wp-block-columns is-layout-flex wp-container-core-columns-is-layout-9d6595d7 wp-block-columns-is-layout-flex\">\r\n<div class=\"wp-block-column is-layout-flow wp-block-column-is-layout-flow\">\r\n<ul class=\"wp-block-list\">\r\n<li style=\"list-style-type: none;\">\r\n<ul class=\"wp-block-list\">\r\n<li>\u00adEAP (D\u00e9partement d\u2019Enseignement de la Generalitat)<\/li>\r\n\r\n\r\n\r\n<li>\u00adTravailleur social de la Diputaci\u00f3 de Barcelona \u00ad<\/li>\r\n\r\n\r\n\r\n<li>CSMIJ (H\u00f4pital de Matar\u00f3) \u00ad<\/li>\r\n\r\n\r\n\r\n<li>Centre ouvert (Matar\u00f3)<\/li>\r\n<\/ul>\r\n<\/li>\r\n<\/ul>\r\n<p><\/p>\r\n<\/div>\r\n\r\n\r\n\r\n<div class=\"wp-block-column is-layout-flow wp-block-column-is-layout-flow\">\r\n<ul class=\"wp-block-list\">\r\n<li style=\"list-style-type: none;\">\r\n<ul class=\"wp-block-list\">\r\n<li>CREDA (Service de logop\u00e9die pour enfants avec des probl\u00e8mes d\u2019audition)<\/li>\r\n\r\n\r\n\r\n<li>Psychologues particuliers<\/li>\r\n\r\n\r\n\r\n<li>Logop\u00e8des particuliers<\/li>\r\n<\/ul>\r\n<\/li>\r\n<\/ul>\r\n<p><\/p>\r\n<\/div>\r\n<p><\/p>\r\n<\/div>\r\n\r\n<p>&nbsp;<\/p>\r\n<div class=\"wp-block-image\">\r\n<figure class=\"alignright is-resized\"><a href=\"https:\/\/www.fundaciomeritxell.cat\/wp-content\/uploads\/2018\/11\/Les-emocions-DOIP-Escola-Meritxell.jpg\" target=\"_blank\" rel=\"noopener noreferrer\"><img loading=\"lazy\" decoding=\"async\" width=\"566\" height=\"857\" class=\"wp-image-11066\" style=\"width: 221px; height: 335px;\" src=\"https:\/\/www.fundaciomeritxell.cat\/wp-content\/uploads\/2018\/11\/Les-emocions-DOIP-Escola-Meritxell.jpg\" alt=\"\" title=\"\" srcset=\"https:\/\/www.fundaciomeritxell.cat\/wp-content\/uploads\/2018\/11\/Les-emocions-DOIP-Escola-Meritxell.jpg 566w, https:\/\/www.fundaciomeritxell.cat\/wp-content\/uploads\/2018\/11\/Les-emocions-DOIP-Escola-Meritxell-198x300.jpg 198w\" sizes=\"auto, (max-width: 566px) 100vw, 566px\" \/><\/a><\/figure>\r\n<\/div>\r\n<p>\u2022 <strong>R\u00e9aliser des interviews avec les parents et les tuteurs<\/strong> des \u00e9l\u00e8ves au sujet du probl\u00e8me sp\u00e9cifique avec l\u2019intention de les orienter sur la th\u00e9rapie.<\/p>\r\n\r\n<p>\u2022 En occasions , r\u00e9aliser des interviews avec certains \u00e9l\u00e8ves (<a href=\"https:\/\/www.fundaciomeritxell.cat\/fr\/elementaire\/\" target=\"_blank\" rel=\"noreferrer noopener\" data-type=\"page\" data-id=\"16379\">Primaire<\/a> et <a href=\"https:\/\/www.fundaciomeritxell.cat\/fr\/college\/\" target=\"_blank\" rel=\"noreferrer noopener\" data-type=\"page\" data-id=\"16390\">Secondaire<\/a>).<\/p>\r\n\r\n<p>\u2022 Soutenir les nouveaux professeurs ainsi que les <strong>nouveaux \u00e9l\u00e8ves<\/strong>.<\/p>\r\n\r\n<p>\u2022 Travailler en petits groupes avec des \u00e9l\u00e8ves pour les aider dans le processus d\u2019apprentissage.<\/p>\r\n\r\n<p>&nbsp;<\/p>\r\n\r\n<h2 class=\"wp-block-heading\">M\u00e9thodologie<\/h2>\r\n\r\n<p>Le professeur d\u00e9tecte les difficult\u00e9s de l\u2019\u00e9l\u00e8ve et rapporte cela \u00e0 la famille afin d\u2019obtenir la permission et demander ainsi de l\u2019aide au d\u00e9partement psychop\u00e9dagogique ,\u00a0qui r\u00e9alise l\u2019\u00e9valuation de l\u2019\u00e9l\u00e8ve en question et en rapporte les r\u00e9sultats \u00e0 la famille et au tuteur de l\u2019\u00e9l\u00e8ve. A partir de l\u00e0 ,\u00a0on d\u00e9cide s\u2019il est convenable de mettre travailler cet \u00e9l\u00e8ve en groupe r\u00e9duit de renfort.<\/p>\r\n\r\n<p>&nbsp;<\/p>\r\n\r\n<h2 class=\"wp-block-heading\">Comment nous contacter?<\/h2>\r\n\r\n<p>\u2192 Gr\u00e2ce tuteur de l&rsquo;\u00e9l\u00e8ve.<\/p>\r\n\r\n<p>\u2192 En appelant l&rsquo;\u00e9cole .\u00a0937 556 550<\/p>\r\n\r\n<p>[\/vc_column_text][\/vc_column][\/vc_row]<\/p><\/div>","protected":false},"excerpt":{"rendered":"<p>[vc_row][vc_column][vc_single_image image=\u00a0\u00bb26296&Prime; img_size=\u00a0\u00bbfull\u00a0\u00bb alignment=\u00a0\u00bbcenter\u00a0\u00bb css=\u00a0\u00bb\u00a0\u00bb][\/vc_column][\/vc_row][vc_row][vc_column][vc_column_text css=\u00a0\u00bb\u00a0\u00bb] Le D\u00e9partement Psychop\u00e9dagogique est un service qu\u2019offre l\u2019\u00e9cole avec le but de s\u2019occuper des \u00e9l\u00e8ves \u00e0 niveau de leur r\u00e9alit\u00e9 sp\u00e9cifique mais aussi des consid\u00e9rations globales. La t\u00e2che principale du d\u00e9partement est l\u2019intervention pr\u00e9ventive et l\u2019aide aux parents, \u00e9l\u00e8ves et professeurs, pour le bon &hellip; <\/p>\n","protected":false},"author":2,"featured_media":0,"parent":0,"menu_order":0,"comment_status":"closed","ping_status":"closed","template":"","meta":{"rs_blank_template":"","rs_page_bg_color":"","slide_template_v7":"","footnotes":""},"class_list":["post-16581","page","type-page","status-publish","hentry"],"_links":{"self":[{"href":"https:\/\/www.fundaciomeritxell.cat\/fr\/wp-json\/wp\/v2\/pages\/16581","targetHints":{"allow":["GET"]}}],"collection":[{"href":"https:\/\/www.fundaciomeritxell.cat\/fr\/wp-json\/wp\/v2\/pages"}],"about":[{"href":"https:\/\/www.fundaciomeritxell.cat\/fr\/wp-json\/wp\/v2\/types\/page"}],"author":[{"embeddable":true,"href":"https:\/\/www.fundaciomeritxell.cat\/fr\/wp-json\/wp\/v2\/users\/2"}],"replies":[{"embeddable":true,"href":"https:\/\/www.fundaciomeritxell.cat\/fr\/wp-json\/wp\/v2\/comments?post=16581"}],"version-history":[{"count":6,"href":"https:\/\/www.fundaciomeritxell.cat\/fr\/wp-json\/wp\/v2\/pages\/16581\/revisions"}],"predecessor-version":[{"id":26297,"href":"https:\/\/www.fundaciomeritxell.cat\/fr\/wp-json\/wp\/v2\/pages\/16581\/revisions\/26297"}],"wp:attachment":[{"href":"https:\/\/www.fundaciomeritxell.cat\/fr\/wp-json\/wp\/v2\/media?parent=16581"}],"curies":[{"name":"wp","href":"https:\/\/api.w.org\/{rel}","templated":true}]}}