{"id":16556,"date":"2021-03-22T16:48:27","date_gmt":"2021-03-22T14:48:27","guid":{"rendered":"https:\/\/www.fundaciomeritxell.cat\/?page_id=16556"},"modified":"2026-03-20T16:22:20","modified_gmt":"2026-03-20T14:22:20","slug":"lycee","status":"publish","type":"page","link":"https:\/\/www.fundaciomeritxell.cat\/fr\/lycee\/","title":{"rendered":"LYC\u00c9E"},"content":{"rendered":"<div class=\"wpb-content-wrapper\"><p>[vc_row][vc_column][vc_column_text css=\u00a0\u00bb\u00a0\u00bb]<\/p>\r\n<figure class=\"wp-block-image size-full\"><img loading=\"lazy\" decoding=\"async\" class=\"alignnone wp-image-26284 size-full\" src=\"https:\/\/www.fundaciomeritxell.cat\/wp-content\/uploads\/2026\/03\/Matricula-BAT-2026.png\" alt=\"\" width=\"1290\" height=\"450\" title=\"\" srcset=\"https:\/\/www.fundaciomeritxell.cat\/wp-content\/uploads\/2026\/03\/Matricula-BAT-2026.png 1290w, https:\/\/www.fundaciomeritxell.cat\/wp-content\/uploads\/2026\/03\/Matricula-BAT-2026-300x105.png 300w, https:\/\/www.fundaciomeritxell.cat\/wp-content\/uploads\/2026\/03\/Matricula-BAT-2026-1024x357.png 1024w, https:\/\/www.fundaciomeritxell.cat\/wp-content\/uploads\/2026\/03\/Matricula-BAT-2026-768x268.png 768w\" sizes=\"auto, (max-width: 1290px) 100vw, 1290px\" \/><\/figure>\r\n<!-- \/wp:post-content -->\r\n<p><!-- wp:paragraph -->L\u2019objectif principal de cette derni\u00e8re \u00e9tape est l\u2019<strong>orientation et pr\u00e9paration intellectuelle et personnelle<\/strong> des \u00e9l\u00e8ves vis-\u00e0-vis des \u00e9tudes sup\u00e9rieures et de leur futur professionnel.<\/p>\r\n<p><!-- \/wp:paragraph -->\u00a0<\/p>\r\n<!-- wp:image {\"id\":10881,\"linkDestination\":\"custom\",\"align\":\"left\",\"className\":\"is-resized\"} -->\r\n<figure class=\"wp-block-image alignleft is-resized\"><a href=\"https:\/\/www.fundaciomeritxell.cat\/wp-content\/uploads\/2018\/07\/Batxillerat-Escola-Meritxell-Quimica.jpg\" target=\"_blank\" rel=\"noreferrer noopener\"><img loading=\"lazy\" decoding=\"async\" width=\"900\" height=\"302\" class=\"wp-image-10881\" src=\"https:\/\/www.fundaciomeritxell.cat\/wp-content\/uploads\/2018\/07\/Batxillerat-Escola-Meritxell-Quimica.jpg\" alt=\"Laboratori d&#039;electr\u00f2nica a Batxillerat de l&#039;Escola Meritxell de Matar\u00f3\" title=\"\" srcset=\"https:\/\/www.fundaciomeritxell.cat\/wp-content\/uploads\/2018\/07\/Batxillerat-Escola-Meritxell-Quimica.jpg 900w, https:\/\/www.fundaciomeritxell.cat\/wp-content\/uploads\/2018\/07\/Batxillerat-Escola-Meritxell-Quimica-600x201.jpg 600w, https:\/\/www.fundaciomeritxell.cat\/wp-content\/uploads\/2018\/07\/Batxillerat-Escola-Meritxell-Quimica-300x101.jpg 300w, https:\/\/www.fundaciomeritxell.cat\/wp-content\/uploads\/2018\/07\/Batxillerat-Escola-Meritxell-Quimica-768x258.jpg 768w\" sizes=\"auto, (max-width: 900px) 100vw, 900px\" \/><\/a><\/figure>\r\n<!-- \/wp:image -->\r\n<p><!-- wp:paragraph -->Il s\u2019agit d\u2019une \u00e9tape o\u00f9 l\u2019essentiel est l\u2019apprentissage construit \u00e0 partir de la <strong>cr\u00e9ativit\u00e9<\/strong>, la pens\u00e9e critique et le raisonnement, et enti\u00e8rement bas\u00e9 sur les <strong>comp\u00e9tences essentielles<\/strong>.<\/p>\r\n<!-- \/wp:paragraph -->\r\n<p><!-- wp:paragraph -->Cette \u00e9tape scolaire est tout \u00e0 fait volontaire et est constitu\u00e9e par deux cours durant lesquels tous les \u00e9l\u00e8ves suivent l\u2019itin\u00e9raire propre de la modalit\u00e9 choisie. Les modalit\u00e9s offertes sont: Sciences et Technologie, et Humanit\u00e9s et Sciences Sociales.<\/p>\r\n<p><!-- \/wp:paragraph -->\u00a0<\/p>\r\n<!-- wp:image {\"id\":10879,\"linkDestination\":\"custom\",\"align\":\"right\",\"className\":\"is-resized\"} -->\r\n<figure class=\"wp-block-image alignright is-resized\"><a href=\"https:\/\/www.fundaciomeritxell.cat\/wp-content\/uploads\/2018\/07\/Batxillerat-Escola-Meritxell-Presentacions.jpg\" target=\"_blank\" rel=\"noreferrer noopener\"><img loading=\"lazy\" decoding=\"async\" width=\"900\" height=\"506\" class=\"wp-image-10879\" src=\"https:\/\/www.fundaciomeritxell.cat\/wp-content\/uploads\/2018\/07\/Batxillerat-Escola-Meritxell-Presentacions.jpg\" alt=\"Presentacions en p\u00fablic a una classe de Batxillerat Escola Meritxell de Matar\u00f3\" title=\"\" srcset=\"https:\/\/www.fundaciomeritxell.cat\/wp-content\/uploads\/2018\/07\/Batxillerat-Escola-Meritxell-Presentacions.jpg 900w, https:\/\/www.fundaciomeritxell.cat\/wp-content\/uploads\/2018\/07\/Batxillerat-Escola-Meritxell-Presentacions-600x337.jpg 600w, https:\/\/www.fundaciomeritxell.cat\/wp-content\/uploads\/2018\/07\/Batxillerat-Escola-Meritxell-Presentacions-300x169.jpg 300w, https:\/\/www.fundaciomeritxell.cat\/wp-content\/uploads\/2018\/07\/Batxillerat-Escola-Meritxell-Presentacions-768x432.jpg 768w\" sizes=\"auto, (max-width: 900px) 100vw, 900px\" \/><\/a><\/figure>\r\n<!-- \/wp:image -->\r\n<p><!-- wp:paragraph -->Les cours commencent \u00e0 8 heures du matin jusqu\u2019\u00e0 14 heures, avec une apr\u00e8s-midi suppl\u00e9mentaire, en horaire de 15 \u00e0 17 heures, puisque dans cette \u00e9tape l\u2019on enseigne une heure de cours en plus en langues (Catalan et Castillan). D\u2019autre part, il existe aussi l\u2019ajout sur l\u2019horaire d\u2019une apr\u00e8s-midi chaque deux semaines o\u00f9 sont enseign\u00e9es les mati\u00e8res non curriculaires mais, par contre, si n\u00e9cessaires pour garantir une bonne consolidation des \u00e9tudes sup\u00e9rieures.<\/p>\r\n<!-- \/wp:paragraph -->\r\n<p><!-- wp:paragraph -->De fa\u00e7on volontaire, il existe la possibilit\u00e9 de suivre des cours de renfort, de 15 \u00e0 17 heures de l\u2019apr\u00e8s-midi, \u00e0 l\u2019exception du vendredi. Ce sont des cours en groupes r\u00e9duits o\u00f9 les \u00e9l\u00e8ves peuvent travailler certaines mati\u00e8res (les langues, les math\u00e9matiques, la physique ou la chimie), donn\u00e9es par les m\u00eames professeurs en cours.<\/p>\r\n<!-- \/wp:paragraph -->\r\n<p><!-- wp:paragraph -->D\u2019autre part, l\u2019\u00e9cole offre aussi les <a href=\"https:\/\/www.fundaciomeritxell.cat\/fr\/doip\/\" target=\"_blank\" rel=\"noreferrer noopener\">services d\u2019orientation et intervention psychop\u00e9dagogique<\/a>, la <a href=\"https:\/\/www.fundaciomeritxell.cat\/fr\/demi-pension\/\" target=\"_blank\" rel=\"noreferrer noopener\">demi-pension<\/a>,\u00a0les activit\u00e9s extrascolaires programm\u00e9es et, finalement, <a href=\"https:\/\/www.fundaciomeritxell.cat\/fr\/cic-language-school\/\" target=\"_blank\" rel=\"noreferrer noopener\">l\u2019Ecole CIC, leur propre \u00e9cole de langues \u00e9trang\u00e8res<\/a>.<\/p>\r\n<p><!-- \/wp:paragraph -->\u00a0<\/p>\r\n<!-- wp:separator {\"opacity\":\"css\",\"className\":\"is-style-wide\"} --><hr class=\"wp-block-separator has-css-opacity is-style-wide\" \/>\r\n<p><!-- \/wp:separator -->\u00a0<\/p>\r\n<!-- wp:heading -->\r\n<h2 class=\"wp-block-heading\">Double Dipl\u00f4me du Lyc\u00e9e Am\u00e9ricain (American High School)<\/h2>\r\n<p><!-- \/wp:heading -->\u00a0<\/p>\r\n<!-- wp:image {\"id\":9837,\"linkDestination\":\"custom\",\"align\":\"left\",\"className\":\"is-resized\"} -->\r\n<figure class=\"wp-block-image alignleft is-resized\"><a href=\"https:\/\/www.fundaciomeritxell.cat\/wp-content\/uploads\/2017\/06\/logo-Academica-black-250x76-1.jpeg\"><img loading=\"lazy\" decoding=\"async\" width=\"250\" height=\"76\" class=\"wp-image-9837\" src=\"https:\/\/www.fundaciomeritxell.cat\/wp-content\/uploads\/2017\/06\/logo-Academica-black-250x76-1.jpeg\" alt=\"Diploma Dual de l\u2019American High School i l&#039;Escola Meritxell\" title=\"\"><\/a><\/figure>\r\n<!-- \/wp:image -->\r\n<p><!-- wp:paragraph -->Suivant notre objectif de pr\u00e9parer nos \u00e9l\u00e8ves pour <a href=\"https:\/\/www.fundaciomeritxell.cat\/fr\/traits-didentite\/ouverture-aupres-du-monde\/\" target=\"_blank\" rel=\"noreferrer noopener\">un entourage plus ouvert<\/a> et \u00e0 la fois multiculturel, nous offrons durant l\u2019ESO, et d\u00e8s cette ann\u00e9e scolaire 2017-18, le <a href=\"https:\/\/www.academica.school\/files\/Guia-Rapida-ACADEMICA_CAT.pdf\" target=\"_blank\" rel=\"noreferrer noopener\">Double Dipl\u00f4me du Lyc\u00e9e Am\u00e9ricain<\/a> (American High School) qui permet la possibilit\u00e9 d\u2019un double titrage \u00e0 la fin des \u00e9tudes de Batxillerat.<\/p>\r\n<!-- \/wp:paragraph -->\r\n<p><!-- wp:paragraph -->Il s\u2019agit d\u2019un programme interdisciplinaire qui met l\u2019accent sur l\u2019immersion \u00e9ducative en anglais, la capacitation technologique et le d\u00e9veloppement personnel de l\u2019\u00e9l\u00e8ve. Le titrage obtenu \u00e0 la fin du programme est le m\u00eame que celui des \u00e9tudiants nord-am\u00e9ricains, donc, valid\u00e9 dans tous les \u00e9tats des EEUU et, en m\u00eame temps, reconnu et valoris\u00e9 dans toutes les universit\u00e9s. Au cas d\u2019\u00eatre int\u00e9ress\u00e9, nous vous invitons \u00e0 en savoir davantage tout en \u00e9crivant \u00e0 <a href=\"mailto:secretaria@escolameritxell.org\">secretaria@escolameritxell.org<\/a>.<\/p>\r\n<p><!-- \/wp:paragraph -->\u00a0<\/p>\r\n<p>[\/vc_column_text][\/vc_column][\/vc_row]<\/p><\/div>","protected":false},"excerpt":{"rendered":"<p>[vc_row][vc_column][vc_column_text css=\u00a0\u00bb\u00a0\u00bb] L\u2019objectif principal de cette derni\u00e8re \u00e9tape est l\u2019orientation et pr\u00e9paration intellectuelle et personnelle des \u00e9l\u00e8ves vis-\u00e0-vis des \u00e9tudes sup\u00e9rieures et de leur futur professionnel. \u00a0 Il s\u2019agit d\u2019une \u00e9tape o\u00f9 l\u2019essentiel est l\u2019apprentissage construit \u00e0 partir de la cr\u00e9ativit\u00e9, la pens\u00e9e critique et le raisonnement, et enti\u00e8rement bas\u00e9 &hellip; <\/p>\n","protected":false},"author":2,"featured_media":0,"parent":0,"menu_order":0,"comment_status":"closed","ping_status":"closed","template":"","meta":{"rs_blank_template":"","rs_page_bg_color":"","slide_template_v7":"","footnotes":""},"class_list":["post-16556","page","type-page","status-publish","hentry"],"_links":{"self":[{"href":"https:\/\/www.fundaciomeritxell.cat\/fr\/wp-json\/wp\/v2\/pages\/16556","targetHints":{"allow":["GET"]}}],"collection":[{"href":"https:\/\/www.fundaciomeritxell.cat\/fr\/wp-json\/wp\/v2\/pages"}],"about":[{"href":"https:\/\/www.fundaciomeritxell.cat\/fr\/wp-json\/wp\/v2\/types\/page"}],"author":[{"embeddable":true,"href":"https:\/\/www.fundaciomeritxell.cat\/fr\/wp-json\/wp\/v2\/users\/2"}],"replies":[{"embeddable":true,"href":"https:\/\/www.fundaciomeritxell.cat\/fr\/wp-json\/wp\/v2\/comments?post=16556"}],"version-history":[{"count":4,"href":"https:\/\/www.fundaciomeritxell.cat\/fr\/wp-json\/wp\/v2\/pages\/16556\/revisions"}],"predecessor-version":[{"id":26285,"href":"https:\/\/www.fundaciomeritxell.cat\/fr\/wp-json\/wp\/v2\/pages\/16556\/revisions\/26285"}],"wp:attachment":[{"href":"https:\/\/www.fundaciomeritxell.cat\/fr\/wp-json\/wp\/v2\/media?parent=16556"}],"curies":[{"name":"wp","href":"https:\/\/api.w.org\/{rel}","templated":true}]}}