{"id":16390,"date":"2021-03-17T18:16:27","date_gmt":"2021-03-17T16:16:27","guid":{"rendered":"https:\/\/www.fundaciomeritxell.cat\/?page_id=16390"},"modified":"2026-03-20T16:19:38","modified_gmt":"2026-03-20T14:19:38","slug":"college","status":"publish","type":"page","link":"https:\/\/www.fundaciomeritxell.cat\/fr\/college\/","title":{"rendered":"COLL\u00c8GE"},"content":{"rendered":"<div class=\"wpb-content-wrapper\"><p>[vc_row][vc_column][vc_single_image image=\u00a0\u00bb26276&Prime; img_size=\u00a0\u00bbfull\u00a0\u00bb alignment=\u00a0\u00bbcenter\u00a0\u00bb css=\u00a0\u00bb\u00a0\u00bb][\/vc_column][\/vc_row][vc_row][vc_column][vc_column_text css=\u00a0\u00bb\u00a0\u00bb]<\/p>\r\n<!-- \/wp:post-content -->\r\n<p><!-- wp:paragraph -->L\u2019objectif de l\u2019\u00e9tape d\u2019ESO (\u00c9ducation Secondaire Obligatoire) est de faire apprendre aux \u00e9l\u00e8ves les instruments qui leur serviront \u00e0 une meilleure compr\u00e9hension de l\u2019entourage et, \u00e0 la fois, de les aider \u00e0 devenir des personnes capables d\u2019intervenir de fa\u00e7on active et critique dans une soci\u00e9t\u00e9 plurielle et diff\u00e9rentielle en elle-m\u00eame et qui est en changement continu.<\/p>\r\n<p><!-- \/wp:paragraph -->\u00a0<\/p>\r\n<!-- wp:image {\"align\":\"left\",\"id\":10869,\"width\":493,\"height\":247,\"linkDestination\":\"custom\"} -->\r\n<figure class=\"wp-block-image alignleft is-resized\"><a href=\"https:\/\/www.fundaciomeritxell.cat\/wp-content\/uploads\/2018\/07\/ESO-Escola-Meritxell-Mataro-Presentacions.jpg\" target=\"_blank\" rel=\"noreferrer noopener\"><img loading=\"lazy\" decoding=\"async\" width=\"900\" height=\"449\" class=\"wp-image-10869\" style=\"width: 493px; height: 247px;\" src=\"https:\/\/www.fundaciomeritxell.cat\/wp-content\/uploads\/2018\/07\/ESO-Escola-Meritxell-Mataro-Presentacions.jpg\" alt=\"Classe d&#039;ESO de l&#039;Escola Meritxell de Matar\u00f3\" title=\"\" srcset=\"https:\/\/www.fundaciomeritxell.cat\/wp-content\/uploads\/2018\/07\/ESO-Escola-Meritxell-Mataro-Presentacions.jpg 900w, https:\/\/www.fundaciomeritxell.cat\/wp-content\/uploads\/2018\/07\/ESO-Escola-Meritxell-Mataro-Presentacions-600x299.jpg 600w, https:\/\/www.fundaciomeritxell.cat\/wp-content\/uploads\/2018\/07\/ESO-Escola-Meritxell-Mataro-Presentacions-300x150.jpg 300w, https:\/\/www.fundaciomeritxell.cat\/wp-content\/uploads\/2018\/07\/ESO-Escola-Meritxell-Mataro-Presentacions-768x383.jpg 768w\" sizes=\"auto, (max-width: 900px) 100vw, 900px\" \/><\/a><\/figure>\r\n<!-- \/wp:image -->\r\n<p><!-- wp:paragraph -->Durant cette \u00e9tape, les apprentissages sont consolid\u00e9s suivant une m\u00e9thodologie bas\u00e9e sur l\u2019<strong>aspect coop\u00e9ratif et les comp\u00e9tences principales d\u2019apprentissage<\/strong>, afin d\u2019affecter de fa\u00e7on positive au d\u00e9veloppement de l\u2019<strong>autonomie personnelle<\/strong> de l\u2019\u00e9l\u00e8ve.<\/p>\r\n<!-- \/wp:paragraph -->\r\n<p><!-- wp:paragraph -->La co\u00efncidence de cette \u00e9tape acad\u00e9mique avec une \u00e9tape d\u2019importance vitale comme l\u2019adolescence \u00a0nous porte \u00e0 insister sur le travail du professeur principal en ce qui concerne le soutien scolaire et l\u2019<strong>orientation<\/strong>. L\u2019\u00e9cole travaille avec l\u2019\u00e9l\u00e8ve, la famille et le groupe de professeurs assign\u00e9s pour donner conseil sur le processus d\u2019apprentissage, facilitant ainsi une \u00e9ducation en valeurs et la ma\u00eetrise des habilit\u00e9s qui promeuvent la vie en commun.<\/p>\r\n<p><!-- \/wp:paragraph -->\u00a0<\/p>\r\n<!-- wp:image {\"align\":\"right\",\"id\":10871,\"width\":255,\"height\":370,\"linkDestination\":\"custom\"} -->\r\n<figure class=\"wp-block-image alignright is-resized\"><a href=\"https:\/\/www.fundaciomeritxell.cat\/wp-content\/uploads\/2018\/07\/ESO-Escola-Meritxell-Mataro-Electronica.jpg\" target=\"_blank\" rel=\"noreferrer noopener\"><img loading=\"lazy\" decoding=\"async\" width=\"600\" height=\"870\" class=\"wp-image-10871\" style=\"width: 255px; height: 370px;\" src=\"https:\/\/www.fundaciomeritxell.cat\/wp-content\/uploads\/2018\/07\/ESO-Escola-Meritxell-Mataro-Electronica.jpg\" alt=\"Electr\u00f2nica a la classe d&#039;ESO de l&#039;Escola Meritxell de Matar\u00f3\" title=\"\" srcset=\"https:\/\/www.fundaciomeritxell.cat\/wp-content\/uploads\/2018\/07\/ESO-Escola-Meritxell-Mataro-Electronica.jpg 600w, https:\/\/www.fundaciomeritxell.cat\/wp-content\/uploads\/2018\/07\/ESO-Escola-Meritxell-Mataro-Electronica-207x300.jpg 207w\" sizes=\"auto, (max-width: 600px) 100vw, 600px\" \/><\/a><\/figure>\r\n<!-- \/wp:image -->\r\n<p><!-- wp:paragraph -->L\u2019Ecole est constitu\u00e9e par une structure de double classe. \u00c0 l\u2019ESO, on dispose d\u2019un rapport de 30 \u00e9l\u00e8ves par classe. \u00a0Mais afin de maximiser le potentiel des \u00e9l\u00e8ves ainsi que l\u2019attention individuelle, certaines mati\u00e8res sont travaill\u00e9es en groupes r\u00e9duits, comme les instrumentales (math\u00e9matiques, catalan, castillan et anglais) et l\u2019heure du soutien tutoriel.<\/p>\r\n<!-- \/wp:paragraph -->\r\n<p><!-- wp:paragraph -->Les cours commencent \u00e0 9 heures du matin jusqu\u2019\u00e0 13 ou 14 heures et de 15 heures \u00e0 17 heures de l\u2019apr\u00e8s-midi. Les \u00e9l\u00e8ves de 1\u00e8re et 2\u00e8me R\u00e9nov\u00e9e (ESO) terminent les cours du matin \u00e0 13 heures, deux fois par semaine, et les \u00e9l\u00e8ves de 3\u00e8me et 4\u00e8me R\u00e9nov\u00e9e (ESO) disposent d\u2019une apr\u00e8s-midi libre. En total, ils r\u00e9alisent tous 33 heures \u00e9lectives \u00e0 la semaine.<\/p>\r\n<!-- \/wp:paragraph -->\r\n<p><!-- wp:paragraph -->D\u2019autre part, l\u2019\u00e9cole offre aussi les <a href=\"https:\/\/www.fundaciomeritxell.cat\/fr\/doip\/\" target=\"_blank\" rel=\"noreferrer noopener\">services d\u2019orientation et intervention psychop\u00e9dagogique<\/a>, un <a href=\"https:\/\/www.fundaciomeritxell.cat\/fr\/accueil\/\" target=\"_blank\" rel=\"noreferrer noopener\">service d\u2019accueil<\/a> le matin et l\u2019apr\u00e8s-midi, la <a href=\"https:\/\/www.fundaciomeritxell.cat\/fr\/demi-pension\/\" target=\"_blank\" rel=\"noreferrer noopener\">demi-pension<\/a> et le <a href=\"https:\/\/www.fundaciomeritxell.cat\/fr\/monitorage\/\" target=\"_blank\" rel=\"noreferrer noopener\">monitorage<\/a>, les activit\u00e9s extrascolaires programm\u00e9es et, finalement, <a href=\"https:\/\/www.fundaciomeritxell.cat\/fr\/cic-language-school\/\" target=\"_blank\" rel=\"noreferrer noopener\">l\u2019Ecole CIC, leur propre \u00e9cole de langues \u00e9trang\u00e8res<\/a>.<\/p>\r\n<p><!-- \/wp:paragraph -->[\/vc_column_text][\/vc_column][\/vc_row]<\/p><\/div>","protected":false},"excerpt":{"rendered":"<p>[vc_row][vc_column][vc_single_image image=\u00a0\u00bb26276&Prime; img_size=\u00a0\u00bbfull\u00a0\u00bb alignment=\u00a0\u00bbcenter\u00a0\u00bb css=\u00a0\u00bb\u00a0\u00bb][\/vc_column][\/vc_row][vc_row][vc_column][vc_column_text css=\u00a0\u00bb\u00a0\u00bb] L\u2019objectif de l\u2019\u00e9tape d\u2019ESO (\u00c9ducation Secondaire Obligatoire) est de faire apprendre aux \u00e9l\u00e8ves les instruments qui leur serviront \u00e0 une meilleure compr\u00e9hension de l\u2019entourage et, \u00e0 la fois, de les aider \u00e0 devenir des personnes capables d\u2019intervenir de fa\u00e7on active et critique dans une &hellip; <\/p>\n","protected":false},"author":2,"featured_media":0,"parent":0,"menu_order":0,"comment_status":"closed","ping_status":"closed","template":"","meta":{"rs_blank_template":"","rs_page_bg_color":"","slide_template_v7":"","footnotes":""},"class_list":["post-16390","page","type-page","status-publish","hentry"],"_links":{"self":[{"href":"https:\/\/www.fundaciomeritxell.cat\/fr\/wp-json\/wp\/v2\/pages\/16390","targetHints":{"allow":["GET"]}}],"collection":[{"href":"https:\/\/www.fundaciomeritxell.cat\/fr\/wp-json\/wp\/v2\/pages"}],"about":[{"href":"https:\/\/www.fundaciomeritxell.cat\/fr\/wp-json\/wp\/v2\/types\/page"}],"author":[{"embeddable":true,"href":"https:\/\/www.fundaciomeritxell.cat\/fr\/wp-json\/wp\/v2\/users\/2"}],"replies":[{"embeddable":true,"href":"https:\/\/www.fundaciomeritxell.cat\/fr\/wp-json\/wp\/v2\/comments?post=16390"}],"version-history":[{"count":6,"href":"https:\/\/www.fundaciomeritxell.cat\/fr\/wp-json\/wp\/v2\/pages\/16390\/revisions"}],"predecessor-version":[{"id":26277,"href":"https:\/\/www.fundaciomeritxell.cat\/fr\/wp-json\/wp\/v2\/pages\/16390\/revisions\/26277"}],"wp:attachment":[{"href":"https:\/\/www.fundaciomeritxell.cat\/fr\/wp-json\/wp\/v2\/media?parent=16390"}],"curies":[{"name":"wp","href":"https:\/\/api.w.org\/{rel}","templated":true}]}}