{"id":16379,"date":"2021-03-17T17:23:10","date_gmt":"2021-03-17T15:23:10","guid":{"rendered":"https:\/\/www.fundaciomeritxell.cat\/?page_id=16379"},"modified":"2026-03-20T12:26:16","modified_gmt":"2026-03-20T10:26:16","slug":"elementaire","status":"publish","type":"page","link":"https:\/\/www.fundaciomeritxell.cat\/fr\/elementaire\/","title":{"rendered":"\u00c9COLE \u00c9L\u00c9MENTAIRE"},"content":{"rendered":"<div class=\"wpb-content-wrapper\"><p>[vc_row][vc_column][vc_single_image image=\u00a0\u00bb26267&Prime; img_size=\u00a0\u00bbfull\u00a0\u00bb alignment=\u00a0\u00bbcenter\u00a0\u00bb css=\u00a0\u00bb\u00a0\u00bb][\/vc_column][\/vc_row][vc_row][vc_column][vc_column_text css=\u00a0\u00bb\u00a0\u00bb]<\/p>\r\n<p><!-- \/wp:post-content -->\r\n\r\n<!-- wp:paragraph -->\u00c0 partir de l&rsquo;\u00e9tape d&rsquo;Enseignement primaire nous poussons l&rsquo;<strong>apprentissage competencial<\/strong> d\u00e9j\u00e0 depuis les cours initiaux.<\/p>\r\n<p><!-- \/wp:paragraph -->\u00a0<\/p>\r\n<!-- wp:image {\"id\":10857,\"align\":\"left\"} -->\r\n<figure class=\"wp-block-image alignleft\"><img loading=\"lazy\" decoding=\"async\" width=\"400\" height=\"533\" class=\"wp-image-10857\" src=\"https:\/\/www.fundaciomeritxell.cat\/wp-content\/uploads\/2018\/07\/Primaria-Escola-Meritxell-Mataro-sortida-museu.jpg\" alt=\"Prim\u00e0ria Escola Meritxell Matar\u00f3 Visita a Museus\" title=\"\" srcset=\"https:\/\/www.fundaciomeritxell.cat\/wp-content\/uploads\/2018\/07\/Primaria-Escola-Meritxell-Mataro-sortida-museu.jpg 400w, https:\/\/www.fundaciomeritxell.cat\/wp-content\/uploads\/2018\/07\/Primaria-Escola-Meritxell-Mataro-sortida-museu-225x300.jpg 225w\" sizes=\"auto, (max-width: 400px) 100vw, 400px\" \/><\/figure>\r\n<p><!-- \/wp:image -->\r\n\r\n<!-- wp:paragraph -->Conform\u00e9ment au programme d&rsquo;innovation p\u00e9dagogique de notre \u00e9cole, cet apprentissage competencial est articul\u00e9 sur la base de trois strat\u00e9gies fondamentalement m\u00e9thodologiques : la <strong>cr\u00e9ativit\u00e9<\/strong>, l&rsquo;<strong>apprentissage coop\u00e9ratif<\/strong> et les <strong>technologies appliqu\u00e9es \u00e0 l&rsquo;apprentissage<\/strong>.<br \/>Ces trois strat\u00e9gies garantissent que les \u00e9l\u00e8ves de l&rsquo;\u00e9cole Meritxell apprennent \u00e0 apprendre mieux, en arrivant des citoyens plus comp\u00e9tents pour se d\u00e9velopper avec succ\u00e8s \u00e0 l&rsquo;int\u00e9rieur d&rsquo;une soci\u00e9t\u00e9 complexe, globale et d&rsquo;une mani\u00e8re permanente changeante.<\/p>\r\n<p><!-- \/wp:paragraph -->\r\n\r\n<!-- wp:paragraph -->Pour \u00e9lever d&rsquo;une mani\u00e8re int\u00e9grale et compl\u00e8te nos \u00e9l\u00e8ves, nous travaillons \u00e0 partir de quatre bloc basiques:<\/p>\r\n<p><!-- \/wp:paragraph -->\u00a0<\/p>\r\n<!-- wp:heading -->\r\n<h2 class=\"wp-block-heading\">Apprendre \u00e0 \u00eatre<\/h2>\r\n<p><!-- \/wp:heading -->\u00a0<\/p>\r\n<!-- wp:separator {\"opacity\":\"css\"} --><hr class=\"wp-block-separator has-css-opacity\" \/>\r\n<p><!-- \/wp:separator -->\r\n\r\n<!-- wp:paragraph -->Les \u00e9l\u00e8ves ont \u00e0 apprendre \u00e0 \u00eatre autonomes, \u00e0 reconna\u00eetre les sentiments propres et \u00e9trangers, \u00e0 traiter les propres \u00e9motions et \u00e0 prendre des d\u00e9cisions et \u00e0 assumer des responsabilit\u00e9s des propres actes. Nous travaillons tous ces aspects, non uniquement depuis l&rsquo;<strong>action tutorial<\/strong> (une heure de tutelle par semaine), mais aussi depuis diff\u00e9rentes concurrences(comp\u00e9tences).<\/p>\r\n<p><!-- \/wp:paragraph -->\u00a0<\/p>\r\n<!-- wp:heading -->\r\n<h2 class=\"wp-block-heading\">Apprendre \u00e0 vivre ensemble<\/h2>\r\n<p><!-- \/wp:heading -->\u00a0<\/p>\r\n<!-- wp:separator {\"opacity\":\"css\"} --><hr class=\"wp-block-separator has-css-opacity\" \/>\r\n<p><!-- \/wp:separator -->\r\n\r\n<!-- wp:paragraph -->Nos \u00e9l\u00e8ves sont notre avenir et ont \u00e0 adopter les habitudes d&rsquo;apprentissage coop\u00e9ratif qui promouvoir l&rsquo;engagement personnel et les attitudes de cohabitation. Cet apprentissage est prom\u00fb avec le <strong>parrainer<\/strong> entre des cours et le <strong>travail coop\u00e9ratif<\/strong> est utilis\u00e9 comme outil basique. Nous voulons que nos \u00e9l\u00e8ves apprennent \u00e0 participer \u00e0 la vie collective \u00e0 partir des valeurs d\u00e9mocratiques, en favorisant ainsi, un environnement plus juste et solidaire. Ils(Elles) ont \u00e0 apprendre \u00e0 \u00e9valuer les probl\u00e8mes sociaux \u00e9minents interpr\u00e9ter les causes et les cons\u00e9quences pour projeter des propositions d&rsquo;avenir (une concurrence sociale).<\/p>\r\n<p><!-- \/wp:paragraph -->\u00a0<\/p>\r\n<!-- wp:image {\"id\":10859,\"align\":\"right\"} -->\r\n<figure class=\"wp-block-image alignright\"><img loading=\"lazy\" decoding=\"async\" width=\"600\" height=\"450\" class=\"wp-image-10859\" src=\"https:\/\/www.fundaciomeritxell.cat\/wp-content\/uploads\/2018\/07\/Primaria-Escola-Meritxell-Mataro-ipads.jpg\" alt=\"Prim\u00e0ria Escola Meritxell de Matar\u00f3 Classe amb iPads\" title=\"\" srcset=\"https:\/\/www.fundaciomeritxell.cat\/wp-content\/uploads\/2018\/07\/Primaria-Escola-Meritxell-Mataro-ipads.jpg 600w, https:\/\/www.fundaciomeritxell.cat\/wp-content\/uploads\/2018\/07\/Primaria-Escola-Meritxell-Mataro-ipads-300x225.jpg 300w\" sizes=\"auto, (max-width: 600px) 100vw, 600px\" \/><\/figure>\r\n<p><!-- \/wp:image -->\r\n\r\n<!-- wp:paragraph -->Depuis l&rsquo;\u00e9cole, nous renfor\u00e7ons le <strong>dialogue<\/strong> comme outil d&rsquo;entente et une participation dans la relation entre les \u00e9l\u00e8ves, au moyen de l&rsquo;apprentissage en anglais \u00e0 tout la Primaire (5 heures hebdomadaires de d&rsquo;abord \u00e0 un quart et entre 6 et 7 heures de cinqui\u00e8me \u00e0 sixi\u00e8me) et chez le <strong>Fran\u00e7ais<\/strong> (1 heure hebdomadaire \u00e0 partir de troisi\u00e8me).<\/p>\r\n<p><!-- \/wp:paragraph -->\u00a0<\/p>\r\n<!-- wp:heading -->\r\n<h2 class=\"wp-block-heading\">Apprendre \u00e0 savoir et \u00e0 conna\u00eetre<\/h2>\r\n<p><!-- \/wp:heading -->\u00a0<\/p>\r\n<!-- wp:separator {\"opacity\":\"css\"} --><hr class=\"wp-block-separator has-css-opacity\" \/>\r\n<p><!-- \/wp:separator -->\r\n\r\n<!-- wp:paragraph -->L&rsquo;ensemble des \u00e9l\u00e8ves a \u00e0 comprendre et \u00e0 interpr\u00e9ter le monde qui l&rsquo;entoure dans toute sa complexit\u00e9. Les concurrences clefs par cette interpr\u00e9tation sont la linguistique et les math\u00e9matiques. Dans notre \u00e9cole, pour am\u00e9liorer ces concurrences, \u00e9tudient-ils(elles) dans des <strong>groupes divis\u00e9s<\/strong> \u00e0 peu pr\u00e8s, des <strong>40 %<\/strong> des heures de langue catalane, espagnol et de math\u00e9matiques et des <strong>100 %<\/strong>des heures de langue anglaise. Devant une n\u00e9cessit\u00e9 sp\u00e9ciale de notre ensemble des \u00e9l\u00e8ves dans ces concurrences, l&rsquo;\u00e9cole offre des <strong>attentions individualis\u00e9es<\/strong>.<\/p>\r\n<p><!-- \/wp:paragraph -->\u00a0<\/p>\r\n<!-- wp:heading -->\r\n<h2 class=\"wp-block-heading\">Apprendre \u00e0 faire<\/h2>\r\n<p><!-- \/wp:heading -->\u00a0<\/p>\r\n<!-- wp:separator {\"opacity\":\"css\"} --><hr class=\"wp-block-separator has-css-opacity\" \/>\r\n<p><!-- \/wp:separator -->\u00a0<\/p>\r\n<!-- wp:image {\"id\":10860,\"linkDestination\":\"custom\",\"align\":\"left\"} -->\r\n<figure class=\"wp-block-image alignleft\"><a href=\"https:\/\/www.fundaciomeritxell.cat\/wp-content\/uploads\/2018\/07\/Primaria-Escola-Meritxell-Mataro-Matematiques.jpg\" target=\"_blank\" rel=\"noreferrer noopener\"><img loading=\"lazy\" decoding=\"async\" width=\"600\" height=\"450\" class=\"wp-image-10860\" src=\"https:\/\/www.fundaciomeritxell.cat\/wp-content\/uploads\/2018\/07\/Primaria-Escola-Meritxell-Mataro-Matematiques.jpg\" alt=\"iPads a les aules de Prim\u00e0ria de l&#039;Escola Meritxell de Matar\u00f3 \" title=\"\" srcset=\"https:\/\/www.fundaciomeritxell.cat\/wp-content\/uploads\/2018\/07\/Primaria-Escola-Meritxell-Mataro-Matematiques.jpg 600w, https:\/\/www.fundaciomeritxell.cat\/wp-content\/uploads\/2018\/07\/Primaria-Escola-Meritxell-Mataro-Matematiques-300x225.jpg 300w\" sizes=\"auto, (max-width: 600px) 100vw, 600px\" \/><\/a><\/figure>\r\n<p><!-- \/wp:image -->\r\n\r\n<!-- wp:paragraph -->Explorer, exp\u00e9rimenter, formuler des questions et v\u00e9rifier une hypoth\u00e8se, planifier et d\u00e9velopper des projets, ce sont des \u00e9l\u00e9ments cloue dans les processus de formation de l&rsquo;ensemble des \u00e9l\u00e8ves. Donc, l&rsquo;\u00e9cole travaille-t-elle \u00e0 partir de la propre exp\u00e9rimentation avec pratiques au laboratoire de <strong>Science<\/strong> (accord\u00e9e les <strong>100 % en anglais<\/strong>), en renfor\u00e7ant la <strong>cr\u00e9ativit\u00e9<\/strong> depuis toutes les aires avec outils comme les cl\u00e9s pour penser, les sept chapeaux d&rsquo;Edward de Bono, etc..<br \/>Les \u00e9l\u00e8ves am\u00e9liorent la concurrence digitale tant en utilisant l&rsquo;<strong>ardoise digitale<\/strong> (pr\u00e9sent dans toutes les salles) comment en travaillant la robotique (<strong>LegoWedo, Scratch<\/strong> ..). D&rsquo;un autre c\u00f4t\u00e9, le nouveau projet de l&rsquo;\u00e9cole est l&rsquo;introduction graduelle des <strong>ipads<\/strong>.<\/p>\r\n<p><!-- \/wp:paragraph -->\r\n\r\n<!-- wp:paragraph -->L&rsquo;horaire de classe est de 9:00h du matin \u00e0 13:00h et de 15:00h \u00e0 17:00h, de lundi \u00e0 vendredi, avec un total 30 heures scolaires par semaine.<\/p>\r\n<p><!-- \/wp:paragraph -->\r\n\r\n<!-- wp:paragraph -->D\u2019autre part, l\u2019\u00e9cole offre aussi les <a href=\"https:\/\/www.fundaciomeritxell.cat\/fr\/doip\/\" target=\"_blank\" rel=\"noreferrer noopener\">services d\u2019orientation et intervention psychop\u00e9dagogique<\/a>, un <a href=\"https:\/\/www.fundaciomeritxell.cat\/fr\/accueil\/\" target=\"_blank\" rel=\"noreferrer noopener\">service d\u2019accueil<\/a> le matin et l\u2019apr\u00e8s-midi, la <a href=\"https:\/\/www.fundaciomeritxell.cat\/fr\/demi-pension\/\" target=\"_blank\" rel=\"noreferrer noopener\">demi-pension<\/a> et le <a href=\"https:\/\/www.fundaciomeritxell.cat\/fr\/monitorage\/\" target=\"_blank\" rel=\"noreferrer noopener\">monitorage<\/a>, les activit\u00e9s extrascolaires programm\u00e9es et, finalement, <a href=\"https:\/\/www.fundaciomeritxell.cat\/fr\/cic-language-school\/\" target=\"_blank\" rel=\"noreferrer noopener\">l\u2019Ecole CIC, leur propre \u00e9cole de langues \u00e9trang\u00e8res<\/a>. Voyez \u00e9cart\u00e9 \u00ab\u00a0des Services\u00a0\u00bb de cette web.<\/p>\r\n<p><!-- \/wp:paragraph -->[\/vc_column_text][\/vc_column][\/vc_row]<\/p><\/div>","protected":false},"excerpt":{"rendered":"<p>[vc_row][vc_column][vc_single_image image=\u00a0\u00bb26267&Prime; img_size=\u00a0\u00bbfull\u00a0\u00bb alignment=\u00a0\u00bbcenter\u00a0\u00bb css=\u00a0\u00bb\u00a0\u00bb][\/vc_column][\/vc_row][vc_row][vc_column][vc_column_text css=\u00a0\u00bb\u00a0\u00bb] \u00c0 partir de l&rsquo;\u00e9tape d&rsquo;Enseignement primaire nous poussons l&rsquo;apprentissage competencial d\u00e9j\u00e0 depuis les cours initiaux. \u00a0 Conform\u00e9ment au programme d&rsquo;innovation p\u00e9dagogique de notre \u00e9cole, cet apprentissage competencial est articul\u00e9 sur la base de trois strat\u00e9gies fondamentalement m\u00e9thodologiques : la cr\u00e9ativit\u00e9, l&rsquo;apprentissage coop\u00e9ratif et les &hellip; <\/p>\n","protected":false},"author":2,"featured_media":0,"parent":0,"menu_order":0,"comment_status":"closed","ping_status":"closed","template":"","meta":{"rs_blank_template":"","rs_page_bg_color":"","slide_template_v7":"","footnotes":""},"class_list":["post-16379","page","type-page","status-publish","hentry"],"_links":{"self":[{"href":"https:\/\/www.fundaciomeritxell.cat\/fr\/wp-json\/wp\/v2\/pages\/16379","targetHints":{"allow":["GET"]}}],"collection":[{"href":"https:\/\/www.fundaciomeritxell.cat\/fr\/wp-json\/wp\/v2\/pages"}],"about":[{"href":"https:\/\/www.fundaciomeritxell.cat\/fr\/wp-json\/wp\/v2\/types\/page"}],"author":[{"embeddable":true,"href":"https:\/\/www.fundaciomeritxell.cat\/fr\/wp-json\/wp\/v2\/users\/2"}],"replies":[{"embeddable":true,"href":"https:\/\/www.fundaciomeritxell.cat\/fr\/wp-json\/wp\/v2\/comments?post=16379"}],"version-history":[{"count":6,"href":"https:\/\/www.fundaciomeritxell.cat\/fr\/wp-json\/wp\/v2\/pages\/16379\/revisions"}],"predecessor-version":[{"id":26268,"href":"https:\/\/www.fundaciomeritxell.cat\/fr\/wp-json\/wp\/v2\/pages\/16379\/revisions\/26268"}],"wp:attachment":[{"href":"https:\/\/www.fundaciomeritxell.cat\/fr\/wp-json\/wp\/v2\/media?parent=16379"}],"curies":[{"name":"wp","href":"https:\/\/api.w.org\/{rel}","templated":true}]}}