{"id":16325,"date":"2017-02-16T23:13:31","date_gmt":"2017-02-16T22:13:31","guid":{"rendered":"https:\/\/www.fundaciomeritxell.cat\/?page_id=16325"},"modified":"2022-03-22T11:41:28","modified_gmt":"2022-03-22T09:41:28","slug":"croissance-personnelle","status":"publish","type":"page","link":"https:\/\/www.fundaciomeritxell.cat\/fr\/traits-didentite\/croissance-personnelle\/","title":{"rendered":"Croissance Personnelle"},"content":{"rendered":"<div class=\"wpb-content-wrapper\"><p>[vc_row][vc_column][vc_single_image image=\u00a0\u00bb17703&Prime; img_size=\u00a0\u00bbfull\u00a0\u00bb alignment=\u00a0\u00bbcenter\u00a0\u00bb][vc_separator color=\u00a0\u00bbcustom\u00a0\u00bb accent_color=\u00a0\u00bb#0062ad\u00a0\u00bb][vc_custom_heading text=\u00a0\u00bb\u201cNous accompagnons l\u2019\u00e9l\u00e8ve dans son d\u00e9veloppement \u00e9motionnel, social, intellectuel et acad\u00e9mique depuis la proximit\u00e9 de la quotidiennet\u00e9\u201c\u00a0\u00bb font_container=\u00a0\u00bbtag:h2|text_align:center\u00a0\u00bb use_theme_fonts=\u00a0\u00bbyes\u00a0\u00bb][vc_separator color=\u00a0\u00bbcustom\u00a0\u00bb accent_color=\u00a0\u00bb#0062ad\u00a0\u00bb]<div class=\"thim-widget-heading template-base\"><div class=\"sc_heading  \"><h3 style=\"text-transform: uppercase;\" class=\"title\"> <span class=\"thim-color\">Comment est-ce que nous faisons cela?<\/span><\/h3><span style=\"background-color:#0062ad\" class=\"line\"><\/span><\/div><\/div>[\/vc_column][\/vc_row][vc_row content_placement=\u00a0\u00bbmiddle\u00a0\u00bb][vc_column width=\u00a0\u00bb1\/4&Prime;]<div class=\"vc-extral_class wpb_animate_when_almost_visible wpb_flipInX flipInX\"><div class=\"thim-widget-image-box template-image-box\">\n\t<div class=\"thim-image-box layout-base\">\n\t\t<img loading=\"lazy\" decoding=\"async\" src=\"https:\/\/www.fundaciomeritxell.cat\/wp-content\/uploads\/2018\/11\/DOIP-Escola-Meritxell-Mataro-e1541533345632.jpg\" alt=\"Servei de Psicopedagogia Escola Meritxell de Matar\u00f3\" width=\"483\" height=\"448\" title=\"\">\t\t<div class=\"title\">\n\t\t\t<h3><\/h3>\n\t\t<\/div>\n\t<\/div>\n<\/div><\/div>[\/vc_column][vc_column width=\u00a0\u00bb3\/4&Prime;][vc_column_text]<\/p>\n<p style=\"font-size: 18px;\">Comprenant que\u00a0<strong>tant la proximit\u00e9 physique comme \u00e9motionnelle<\/strong>\u00a0repr\u00e9sentent des pi\u00e8ces cl\u00e9 pour que l\u2019\u00e9l\u00e8ve et sa famille se sentent accompagn\u00e9s dans les moments joyeux mais aussi les difficiles.<\/p>\n<p style=\"font-size: 18px;\">Portant \u00e0 la r\u00e9alit\u00e9\u00a0<strong>l\u2019attention personnalis\u00e9e de chaque \u00e9l\u00e8ve<\/strong>\u00a0\u00e0 travers de strat\u00e9gies comme les cours en d\u00e9doublement ou les cours tripartis qui permettent d\u2019arriver, d\u2019une mani\u00e8re plus facile, aux besoins r\u00e9els de tous les \u00e9l\u00e8ves, ainsi que l\u2019intervention\u00a0<a class=\"keychainify-checked\" href=\"https:\/\/www.fundaciomeritxell.cat\/departement-psychopedagogique-escola-meritxell\/?lang=fr\" target=\"_blank\" rel=\"noreferrer noopener\">psychop\u00e9dagogique et psychologique<\/a>\u00a0au cas o\u00f9 il serait n\u00e9cessaire.<\/p>\n<p>[\/vc_column_text][\/vc_column][\/vc_row][vc_row full_width=\u00a0\u00bbstretch_row\u00a0\u00bb equal_height=\u00a0\u00bbyes\u00a0\u00bb content_placement=\u00a0\u00bbmiddle\u00a0\u00bb css=\u00a0\u00bb.vc_custom_1647867906390{background-color: rgba(0,98,173,0.69) !important;*background-color: rgb(0,98,173) !important;}\u00a0\u00bb][vc_column width=\u00a0\u00bb2\/3&Prime;][vc_column_text]<\/p>\n<h4 style=\"text-align: center; line-height: 2em;\"><span style=\"color: #ffffff;\">Facilitant aux \u00e9l\u00e8ves des instruments et des\u00a0<strong>strat\u00e9gies d\u2019am\u00e9lioration, de confiance en soi et la possibilit\u00e9 de faire face aux d\u00e9fis,\u00a0<\/strong>afin de renforcer l\u2019estime en soi m\u00eame, n\u2019oubliant jamais le respect vis-\u00e0-vis des autres et de l\u2019entourage.<\/span><\/h4>\n<p>[\/vc_column_text][\/vc_column][vc_column width=\u00a0\u00bb1\/3&Prime;]<div class=\"vc-extral_class wpb_animate_when_almost_visible wpb_lightSpeedIn lightSpeedIn\"><div class=\"thim-widget-image-box template-image-box\">\n\t<div class=\"thim-image-box layout-base\">\n\t\t<img loading=\"lazy\" decoding=\"async\" src=\"https:\/\/www.fundaciomeritxell.cat\/wp-content\/uploads\/2018\/07\/Batxillerat-Escola-Meritxell-Presentacions.jpg\" alt=\"Presentacions en p\u00fablic a una classe de Batxillerat Escola Meritxell de Matar\u00f3\" width=\"900\" height=\"506\" title=\"\">\t\t<div class=\"title\">\n\t\t\t<h3><\/h3>\n\t\t<\/div>\n\t<\/div>\n<\/div><\/div>[vc_empty_space][\/vc_column][\/vc_row][vc_row equal_height=\u00a0\u00bbyes\u00a0\u00bb content_placement=\u00a0\u00bbmiddle\u00a0\u00bb][vc_column width=\u00a0\u00bb1\/4&Prime;]<div class=\"thim-widget-image-box template-image-box\">\n\t<div class=\"thim-image-box layout-base\">\n\t\t<img loading=\"lazy\" decoding=\"async\" src=\"https:\/\/www.fundaciomeritxell.cat\/wp-content\/uploads\/2019\/11\/JAO-2.jpg\" alt=\"JAO-2\" width=\"595\" height=\"576\" title=\"\">\t\t<div class=\"title\">\n\t\t\t<h3><\/h3>\n\t\t<\/div>\n\t<\/div>\n<\/div>[\/vc_column][vc_column width=\u00a0\u00bb3\/4&Prime;][vc_column_text]<\/p>\n<p style=\"font-size: 18px; text-align: center;\">Pr\u00e9sentant\u00a0<strong>l\u2019action du tutoriel<\/strong>\u00a0comme un des piliers fondamentaux et r\u00e9f\u00e9rentiels pour la croissance et le d\u00e9veloppement de nos enfants et jeunes gens.<\/p>\n<p>[\/vc_column_text][vc_column_text css=\u00a0\u00bb.vc_custom_1647942085907{padding-top: 30px !important;padding-right: 30px !important;padding-bottom: 30px !important;padding-left: 30px !important;background-color: #e8e8e8 !important;}\u00a0\u00bb]<\/p>\n<p style=\"font-size: 20px; text-align: center;\">\u00c9tablirt et utiliser des\u00a0 <strong>canaux de communication permanents entre les familles et l\u2019ecole<\/strong>.<\/p>\n<p>[\/vc_column_text][\/vc_column][\/vc_row]<\/p>\n<\/div>","protected":false},"excerpt":{"rendered":"<p>[vc_row][vc_column][vc_single_image image=\u00a0\u00bb17703&Prime; img_size=\u00a0\u00bbfull\u00a0\u00bb alignment=\u00a0\u00bbcenter\u00a0\u00bb][vc_separator color=\u00a0\u00bbcustom\u00a0\u00bb accent_color=\u00a0\u00bb#0062ad\u00a0\u00bb][vc_custom_heading text=\u00a0\u00bb\u201cNous accompagnons l\u2019\u00e9l\u00e8ve dans son d\u00e9veloppement \u00e9motionnel, social, intellectuel et acad\u00e9mique depuis la proximit\u00e9 de la quotidiennet\u00e9\u201c\u00a0\u00bb font_container=\u00a0\u00bbtag:h2|text_align:center\u00a0\u00bb use_theme_fonts=\u00a0\u00bbyes\u00a0\u00bb][vc_separator color=\u00a0\u00bbcustom\u00a0\u00bb accent_color=\u00a0\u00bb#0062ad\u00a0\u00bb][\/vc_column][\/vc_row][vc_row content_placement=\u00a0\u00bbmiddle\u00a0\u00bb][vc_column width=\u00a0\u00bb1\/4&Prime;][\/vc_column][vc_column width=\u00a0\u00bb3\/4&Prime;][vc_column_text] Comprenant que\u00a0tant la proximit\u00e9 physique comme \u00e9motionnelle\u00a0repr\u00e9sentent des pi\u00e8ces cl\u00e9 pour que l\u2019\u00e9l\u00e8ve et sa famille se sentent accompagn\u00e9s dans &hellip; <\/p>\n","protected":false},"author":2,"featured_media":0,"parent":16306,"menu_order":0,"comment_status":"closed","ping_status":"closed","template":"","meta":{"rs_blank_template":"","rs_page_bg_color":"","slide_template_v7":"","footnotes":""},"class_list":["post-16325","page","type-page","status-publish","hentry"],"_links":{"self":[{"href":"https:\/\/www.fundaciomeritxell.cat\/fr\/wp-json\/wp\/v2\/pages\/16325","targetHints":{"allow":["GET"]}}],"collection":[{"href":"https:\/\/www.fundaciomeritxell.cat\/fr\/wp-json\/wp\/v2\/pages"}],"about":[{"href":"https:\/\/www.fundaciomeritxell.cat\/fr\/wp-json\/wp\/v2\/types\/page"}],"author":[{"embeddable":true,"href":"https:\/\/www.fundaciomeritxell.cat\/fr\/wp-json\/wp\/v2\/users\/2"}],"replies":[{"embeddable":true,"href":"https:\/\/www.fundaciomeritxell.cat\/fr\/wp-json\/wp\/v2\/comments?post=16325"}],"version-history":[{"count":0,"href":"https:\/\/www.fundaciomeritxell.cat\/fr\/wp-json\/wp\/v2\/pages\/16325\/revisions"}],"up":[{"embeddable":true,"href":"https:\/\/www.fundaciomeritxell.cat\/fr\/wp-json\/wp\/v2\/pages\/16306"}],"wp:attachment":[{"href":"https:\/\/www.fundaciomeritxell.cat\/fr\/wp-json\/wp\/v2\/media?parent=16325"}],"curies":[{"name":"wp","href":"https:\/\/api.w.org\/{rel}","templated":true}]}}