{"id":16319,"date":"2017-02-16T23:05:03","date_gmt":"2017-02-16T22:05:03","guid":{"rendered":"https:\/\/www.fundaciomeritxell.cat\/?page_id=16319"},"modified":"2022-03-22T11:03:59","modified_gmt":"2022-03-22T09:03:59","slug":"innovation-educationnelle","status":"publish","type":"page","link":"https:\/\/www.fundaciomeritxell.cat\/fr\/traits-didentite\/innovation-educationnelle\/","title":{"rendered":"Innovation \u00e9ducationnelle"},"content":{"rendered":"<div class=\"wpb-content-wrapper\"><p>[vc_row][vc_column][vc_single_image image=\u00a0\u00bb17676&Prime; img_size=\u00a0\u00bbfull\u00a0\u00bb alignment=\u00a0\u00bbcenter\u00a0\u00bb][vc_separator color=\u00a0\u00bbcustom\u00a0\u00bb accent_color=\u00a0\u00bb#0062ad\u00a0\u00bb][vc_custom_heading text=\u00a0\u00bb\u201cNous innovons comme une strat\u00e9gie d\u2019am\u00e9lioration constante\u201c\u00a0\u00bb font_container=\u00a0\u00bbtag:h2|text_align:center\u00a0\u00bb use_theme_fonts=\u00a0\u00bbyes\u00a0\u00bb css=\u00a0\u00bb.vc_custom_1647939544188{padding-bottom: 15px !important;}\u00a0\u00bb][vc_separator color=\u00a0\u00bbcustom\u00a0\u00bb accent_color=\u00a0\u00bb#0062ad\u00a0\u00bb]<div class=\"thim-widget-heading template-base\"><div class=\"sc_heading  \"><h3 style=\"text-transform: uppercase;\" class=\"title\"> <span class=\"thim-color\">Comment est-ce que nous faisons cela?<\/span><\/h3><span style=\"background-color:#0062ad\" class=\"line\"><\/span><\/div><\/div>[\/vc_column][\/vc_row][vc_row][vc_column width=\u00a0\u00bb1\/2&Prime;][vc_column_text]Apercevant la\u00a0<strong>cr\u00e9ativit\u00e9 et l\u2019esprit d\u2019entreprise<\/strong>\u00a0comme une attitude devant la vie.<\/p>\n<p>Utilisant la m\u00e9thodologie de l\u2019<strong>Apprentissage Bas\u00e9 sur des Probl\u00e8mes<\/strong>\u00a0depuis la multidisciplinarit\u00e9.<\/p>\n<p>Situant l\u2019\u00e9l\u00e8ve comme le\u00a0<strong>protagoniste de son propre proc\u00e8s<\/strong>\u00a0d\u2019apprentissage.<\/p>\n<p>Profitant l\u2019effet multiplicateur du\u00a0<strong>travail en \u00e9quipe<\/strong>\u00a0dans la consolidation des apprentissages.[\/vc_column_text][\/vc_column][vc_column width=\u00a0\u00bb1\/2&Prime;][vc_single_image image=\u00a0\u00bb10881&Prime; img_size=\u00a0\u00bbfull\u00a0\u00bb alignment=\u00a0\u00bbcenter\u00a0\u00bb][\/vc_column][\/vc_row][vc_row full_width=\u00a0\u00bbstretch_row\u00a0\u00bb css=\u00a0\u00bb.vc_custom_1647866631260{background-color: rgba(255,184,40,0.79) !important;*background-color: rgb(255,184,40) !important;}\u00a0\u00bb][vc_column width=\u00a0\u00bb1\/4&Prime;][vc_single_image image=\u00a0\u00bb16825&Prime; img_size=\u00a0\u00bbfull\u00a0\u00bb alignment=\u00a0\u00bbcenter\u00a0\u00bb][\/vc_column][vc_column width=\u00a0\u00bb3\/4&Prime;][vc_column_text]<\/p>\n<div style=\"font-size: 18px;\">\n<p>Introduisant de\u00a0<strong>nouvelles m\u00e9thodologies<\/strong>\u00a0adapt\u00e9es aux nouvelles mani\u00e8res d\u2019apprendre.<\/p>\n<p>Apprenant \u00e0\u00a0<strong>s\u2019adapter de mani\u00e8re constante aux nouveaux d\u00e9fis<\/strong>\u00a0de la soci\u00e9t\u00e9 actuelle ainsi que de la future.<\/p>\n<p>Gr\u00e2ce \u00e0 la conception de\u00a0<strong>nouveaux mat\u00e9riels<\/strong>\u00a0adapt\u00e9s au nouveau syst\u00e8me d\u2019enseignement.<\/p>\n<p>Utilisant les\u00a0<strong>ressources technologiques<\/strong>\u00a0qui nous permettent d\u2019acc\u00e9der \u00e0 la connaissance d\u2019une forme plus globale, actualis\u00e9e et adapt\u00e9e aux nouveaux d\u00e9fis.<\/p>\n<\/div>\n<p>[\/vc_column_text][\/vc_column][\/vc_row][vc_row content_placement=\u00a0\u00bbmiddle\u00a0\u00bb][vc_column width=\u00a0\u00bb2\/3&Prime;][vc_column_text]<\/p>\n<p style=\"font-size: 20px;\">\u00c0 partir de la recherche de\u00a0<strong>ph\u00e9nom\u00e8nes sociaux et naturels qui affectent au jour le jour<\/strong>\u00a0de l\u2019\u00e9l\u00e8ve, nous voulons les comprendre et en faire une approche critique et intelligente.<\/p>\n<p style=\"font-size: 20px;\">R\u00e9fl\u00e9chissant sur les cons\u00e9quences des possibles actions et prenant la\u00a0<strong>meilleure d\u00e9cision en chaque situation<\/strong>\u00a0et contexte.<\/p>\n<p>[\/vc_column_text][\/vc_column][vc_column width=\u00a0\u00bb1\/3&Prime;][vc_single_image image=\u00a0\u00bb14304&Prime; img_size=\u00a0\u00bbfull\u00a0\u00bb alignment=\u00a0\u00bbcenter\u00a0\u00bb style=\u00a0\u00bbvc_box_rounded\u00a0\u00bb][\/vc_column][\/vc_row]<\/p>\n<\/div>","protected":false},"excerpt":{"rendered":"<p>[vc_row][vc_column][vc_single_image image=\u00a0\u00bb17676&Prime; img_size=\u00a0\u00bbfull\u00a0\u00bb alignment=\u00a0\u00bbcenter\u00a0\u00bb][vc_separator color=\u00a0\u00bbcustom\u00a0\u00bb accent_color=\u00a0\u00bb#0062ad\u00a0\u00bb][vc_custom_heading text=\u00a0\u00bb\u201cNous innovons comme une strat\u00e9gie d\u2019am\u00e9lioration constante\u201c\u00a0\u00bb font_container=\u00a0\u00bbtag:h2|text_align:center\u00a0\u00bb use_theme_fonts=\u00a0\u00bbyes\u00a0\u00bb css=\u00a0\u00bb.vc_custom_1647939544188{padding-bottom: 15px !important;}\u00a0\u00bb][vc_separator color=\u00a0\u00bbcustom\u00a0\u00bb accent_color=\u00a0\u00bb#0062ad\u00a0\u00bb][\/vc_column][\/vc_row][vc_row][vc_column width=\u00a0\u00bb1\/2&Prime;][vc_column_text]Apercevant la\u00a0cr\u00e9ativit\u00e9 et l\u2019esprit d\u2019entreprise\u00a0comme une attitude devant la vie. Utilisant la m\u00e9thodologie de l\u2019Apprentissage Bas\u00e9 sur des Probl\u00e8mes\u00a0depuis la multidisciplinarit\u00e9. Situant l\u2019\u00e9l\u00e8ve comme le\u00a0protagoniste de son propre proc\u00e8s\u00a0d\u2019apprentissage. Profitant &hellip; <\/p>\n","protected":false},"author":2,"featured_media":19194,"parent":16306,"menu_order":0,"comment_status":"closed","ping_status":"closed","template":"","meta":{"rs_blank_template":"","rs_page_bg_color":"","slide_template_v7":"","footnotes":""},"class_list":["post-16319","page","type-page","status-publish","has-post-thumbnail","hentry"],"_links":{"self":[{"href":"https:\/\/www.fundaciomeritxell.cat\/fr\/wp-json\/wp\/v2\/pages\/16319","targetHints":{"allow":["GET"]}}],"collection":[{"href":"https:\/\/www.fundaciomeritxell.cat\/fr\/wp-json\/wp\/v2\/pages"}],"about":[{"href":"https:\/\/www.fundaciomeritxell.cat\/fr\/wp-json\/wp\/v2\/types\/page"}],"author":[{"embeddable":true,"href":"https:\/\/www.fundaciomeritxell.cat\/fr\/wp-json\/wp\/v2\/users\/2"}],"replies":[{"embeddable":true,"href":"https:\/\/www.fundaciomeritxell.cat\/fr\/wp-json\/wp\/v2\/comments?post=16319"}],"version-history":[{"count":0,"href":"https:\/\/www.fundaciomeritxell.cat\/fr\/wp-json\/wp\/v2\/pages\/16319\/revisions"}],"up":[{"embeddable":true,"href":"https:\/\/www.fundaciomeritxell.cat\/fr\/wp-json\/wp\/v2\/pages\/16306"}],"wp:featuredmedia":[{"embeddable":true,"href":"https:\/\/www.fundaciomeritxell.cat\/fr\/wp-json\/wp\/v2\/media\/19194"}],"wp:attachment":[{"href":"https:\/\/www.fundaciomeritxell.cat\/fr\/wp-json\/wp\/v2\/media?parent=16319"}],"curies":[{"name":"wp","href":"https:\/\/api.w.org\/{rel}","templated":true}]}}