{"id":18155,"date":"2021-06-23T14:10:43","date_gmt":"2021-06-23T12:10:43","guid":{"rendered":"https:\/\/www.fundaciomeritxell.cat\/?page_id=18155"},"modified":"2022-09-08T15:46:35","modified_gmt":"2022-09-08T13:46:35","slug":"historia-de-la-escuela","status":"publish","type":"page","link":"https:\/\/www.fundaciomeritxell.cat\/es\/historia-de-la-escuela\/","title":{"rendered":"Historia de la escuela"},"content":{"rendered":"<div class=\"wpb-content-wrapper\"><p>[vc_row css=\u00bb.vc_custom_1624387068065{margin-bottom: -25px !important;}\u00bb][vc_column width=\u00bb2\/3&#8243;][vc_column_text]<\/p>\n<p style=\"font-size: 20px;\"><em>En esta p\u00e1gina encontrar\u00e1s un repaso por los primeros 50 a\u00f1os de la Escola Meritxell que celebramos durante el curso 2019-20. Hemos recogido las fechas e hitos m\u00e1s importantes y las curiosidades m\u00e1s interesantes de manera cronol\u00f3gica.<\/em><\/p>\n<p style=\"font-size: 20px;\"><em>Si deseas conocer m\u00e1s detalles de estos primeros 50 a\u00f1os de la escuela y leer las an\u00e9cdotas por boca de sus protagonistas te invitamos a que leas el libro conmemorativo del 50 aniversario que publicamos a mediados del a\u00f1o 2019 y que puedes solicitar en la secretar\u00eda de la escuela.<\/em><\/p>\n<p>[\/vc_column_text][\/vc_column][vc_column width=\u00bb1\/3&#8243;][vc_single_image image=\u00bb13495&#8243; img_size=\u00bb\u00bb alignment=\u00bbcenter\u00bb css=\u00bb.vc_custom_1624387164658{margin-top: -25px !important;margin-bottom: -20px !important;}\u00bb][\/vc_column][\/vc_row][vc_row][vc_column][vc_separator color=\u00bbcustom\u00bb border_width=\u00bb3&#8243; accent_color=\u00bb#ffb828&#8243;][vc_custom_heading text=\u00bbCurso 1969-1972: Nace la Escola Meritxell\u00bb use_theme_fonts=\u00bbyes\u00bb][\/vc_column][\/vc_row][vc_row][vc_column width=\u00bb1\/4&#8243;]<div class=\"thim-widget-single-images template-single-images\">\n<div class=\"single-image text-center\"><a class=\"thim-single-image-popup\" href=\"https:\/\/www.fundaciomeritxell.cat\/wp-content\/uploads\/2021\/06\/nens-cantant-69-70.jpg\"><img loading=\"lazy\" decoding=\"async\" src=\"https:\/\/www.fundaciomeritxell.cat\/wp-content\/uploads\/2021\/06\/nens-cantant-69-70.jpg\" width=\"500\" height=\"341\" alt=\"Hist\u00f2ria de l&#039;Escola Meritxell - Nens cantant Curs 69-70\" title=\"\"><\/a><\/div><\/div>[vc_column_text]<\/p>\n<p style=\"text-align: center; font-size: 16px;\">Ni\u00f1os cantando en el curso 1969-70<\/p>\n<p>[\/vc_column_text]<div class=\"thim-widget-single-images template-single-images\">\n<div class=\"single-image text-center\"><a class=\"thim-single-image-popup\" href=\"https:\/\/www.fundaciomeritxell.cat\/wp-content\/uploads\/2021\/06\/Calendari-escolar-71-72-e1624384381454.jpg\"><img loading=\"lazy\" decoding=\"async\" src=\"https:\/\/www.fundaciomeritxell.cat\/wp-content\/uploads\/2021\/06\/Calendari-escolar-71-72-e1624384381454.jpg\" width=\"1911\" height=\"1402\" alt=\"Calendari escolar curs 71-72 Escola Meritxell\" title=\"\"><\/a><\/div><\/div>[\/vc_column][vc_column width=\u00bb3\/4&#8243;][vc_column_text]La g\u00e9nesis de la escuela es a partir de la iniciativa compartida de Esperanza Romagosa i Ruiz (Matar\u00f3, 1935) directora del parvulario Meritxell, Eugenio Romeo i Llanas (Matar\u00f3, 1937) licenciado en ciencias qu\u00edmicas. y Jaume Borotau i Coll (Vilassar de Mar, 1937), maestro de primaria, y director del Col\u00b7legi de Sant Joan (Vilassar de Mar, 1955).<\/p>\n<p>El nombre de la escuela fue propuesto por Esperanza Romagosa como continuaci\u00f3n del parvulario de la calle de Argentona que regentaba. A efectos legales constar\u00e1 como una escuela de separaci\u00f3n de sexos y la ense\u00f1anza en lengua castellana, tal como determinaba la ley vigente en ese momento.<\/p>\n<p><strong>El nombre de Meritxell, seg\u00fan nos cuenta la Sra. Esperanza Romagosa, surgi\u00f3 un d\u00eda que en una visita a Montserrat coincidi\u00f3 con una romer\u00eda de unos austriacos de la regi\u00f3n de Estiria que veneraban la Virgen de \u00abMariazell\u00bb (Nacimiento de la Virgen Mar\u00eda, en su idioma).<\/strong><\/p>\n<p>En cuanto al uniforme fue dise\u00f1ado por la Sra. Esperanza Romagosa y la Sra. Joana Maria Cruzate. Y fue encargado en la tienda Barbosa y Costa de Barcelona.<\/p>\n<p>En 1972 la Direcci\u00f3n y Administraci\u00f3n de la escuela busca el apoyo de padres y madres y se crea la Junta Gestora de una Asociaci\u00f3n de Padres de Alumnos (A.P.A.) que trabaje con el fin de poder ampliar la escuela. Y se presentan los estatutos al Gobierno Civil y una vez aprobados, con fecha del 23 de diciembre de 1972, tiene lugar la Primera Asamblea General Extraordinaria de fundaci\u00f3n de la Asociaci\u00f3n de Padres de Alumnos del 2 de febrero de 1973 donde se escoge la primera junta.[\/vc_column_text][\/vc_column][\/vc_row][vc_row][vc_column][vc_separator color=\u00bbcustom\u00bb border_width=\u00bb2&#8243; accent_color=\u00bb#0062ad\u00bb][vc_custom_heading text=\u00bbA\u00f1os 1976 al 1982: La escuela hace camino\u00bb use_theme_fonts=\u00bbyes\u00bb][\/vc_column][\/vc_row][vc_row gap=\u00bb1&#8243; equal_height=\u00bbyes\u00bb][vc_column width=\u00bb2\/3&#8243;][vc_column_text]<strong>La propiedad y titularidad de la escuela a partir de 1976 ser\u00eda la Sociedad \u00abCentro Docente Meritxell S.A.\u00bb siendo propietaria y directora del mismo la se\u00f1ora Esperanza Romagosa. Se constituye el 14 de julio de ese a\u00f1o.<\/strong><\/p>\n<p>En 1977 con el inicio del nuevo curso escolar se inaugura la planta superior (quinta), que consta de:<\/p>\n<ul>\n<li>6 aulas de 60 m2,<\/li>\n<li>1 sala de unos 80 m2,<\/li>\n<li>servicios de chicos, servicios de chicas, servicios para profesores,<\/li>\n<li>3 despachos o aulas peque\u00f1as y<\/li>\n<li>un laboratorio de 45 m2.<\/li>\n<\/ul>\n<p>En este curso 1977-1978 la escuela ten\u00eda 15 aulas y 375 alumnos.[\/vc_column_text][\/vc_column][vc_column width=\u00bb1\/3&#8243;]<div class=\"thim-widget-single-images template-single-images\">\n<div class=\"single-image text-center\"><a class=\"thim-single-image-popup\" href=\"https:\/\/www.fundaciomeritxell.cat\/wp-content\/uploads\/2021\/06\/entrada-antiga-escola.jpg\"><img loading=\"lazy\" decoding=\"async\" src=\"https:\/\/www.fundaciomeritxell.cat\/wp-content\/uploads\/2021\/06\/entrada-antiga-escola.jpg\" width=\"800\" height=\"534\" alt=\"Entrada antiga escola Escola Meritxell\" title=\"\"><\/a><\/div><\/div>[vc_column_text]<\/p>\n<p style=\"text-align: center; font-size: 16px;\">Antiga entrada principal<\/p>\n<p>[\/vc_column_text][\/vc_column][\/vc_row][vc_row css=\u00bb.vc_custom_1624388674954{margin-top: -25px !important;}\u00bb][vc_column width=\u00bb1\/2&#8243;][vc_column_text]A principios de julio de 1979 el B.O.E. publica la clasificaci\u00f3n definitiva como centro homologado para 5 aulas de BUP.<\/p>\n<h3 style=\"color: #ffb828; font-family: fredoka one;\">Mayo del 82: \u00a1Primera Festa de Primavera!<\/h3>\n<p>[\/vc_column_text][\/vc_column][vc_column width=\u00bb1\/2&#8243;][vc_column_text]Se celebra por primera vez una jornada festiva, con gran participaci\u00f3n de todos los estamentos que conforman la escuela. Esta fiesta ha prolongado a\u00f1o tras a\u00f1o hasta la fecha.<\/p>\n<p><strong>A finales de 1982 se autoriza a que la escuela imparta cursos de C.O.U.<\/strong><\/p>\n<p>Se habilitan, tambi\u00e9n, m\u00e1s aulas, laboratorios y talleres de manualidades.[\/vc_column_text][\/vc_column][\/vc_row][vc_row][vc_column][vc_separator color=\u00bbcustom\u00bb border_width=\u00bb2&#8243; accent_color=\u00bb#ffb828&#8243;][vc_custom_heading text=\u00bbA\u00f1os 83 al 89&#8243; use_theme_fonts=\u00bbyes\u00bb][vc_column_text]En la asamblea general de la A.P.A. del 19 de junio de 1984 se cede la titularidad a la Asociaci\u00f3n que pasa a gestionar directamente la econom\u00eda de la escuela. Y as\u00ed, con fecha de 9 de marzo de 1985, la APA adquiere la titularidad de todas las acciones del Centre Docent Meritxell S.A. y se cambia el \u00f3rgano de gobierno y administraci\u00f3n de dicha sociedad.[\/vc_column_text][\/vc_column][\/vc_row][vc_row][vc_column width=\u00bb1\/4&#8243;]<div class=\"thim-widget-single-images template-single-images\">\n<div class=\"single-image text-center\"><a class=\"thim-single-image-popup\" href=\"https:\/\/www.fundaciomeritxell.cat\/wp-content\/uploads\/2021\/06\/Menjador-antic.jpg\"><img loading=\"lazy\" decoding=\"async\" src=\"https:\/\/www.fundaciomeritxell.cat\/wp-content\/uploads\/2021\/06\/Menjador-antic.jpg\" width=\"900\" height=\"632\" alt=\"Menjador Antic Escola Meritxell de Matar\u00f3\" title=\"\"><\/a><\/div><\/div>[vc_column_text]<\/p>\n<p style=\"text-align: center; font-size: 16px;\">Antiguo comedor<\/p>\n<p>[\/vc_column_text][\/vc_column][vc_column width=\u00bb3\/4&#8243;][vc_column_text]<strong>Para septiembre de 1985 se empieza a hablar y valorar la adquisici\u00f3n de un ordenador IBM para la gesti\u00f3n administrativa y diez m\u00e1s Sony para una primera aula de inform\u00e1tica, con las impresoras correspondientes.<\/strong><\/p>\n<p>Para el mes de mayo del mismo a\u00f1o fueron inauguradas las instalaciones deportivas de la escuela con la presencia del Director General del Deporte de la Generalitat de Catalunya, se\u00f1or Josep Llu\u00eds Vilaseca Guasch. Dichas instalaciones constan de dos pistas polideportivas, una de 40 X 20 metros y la otra de 40 X 30 metros.<\/p>\n<p>Durante el curso 86\/87 se celebr\u00f3 el primer Consejo Escolar.[\/vc_column_text][\/vc_column][\/vc_row][vc_row][vc_column][vc_column_text css=\u00bb.vc_custom_1624449090949{margin-top: -30px !important;}\u00bb]<strong>El d\u00eda 2 de septiembre de 1987 se crea la Fundaci\u00f3 Cultural Meritxell<\/strong>. La escritura constitucional de la misma, el objeto de la que, seg\u00fan dice el art\u00edculo primero de sus estatutos que \u00abLa Fundaci\u00f3 Cultural Meritxell tiene por objeto contribuir a la formaci\u00f3n cristiana, humana y cultural de los alumnos del Colegio Meritxell (vecindario de Mata, Can Quirze, sin n\u00famero) \u00ab.<\/p>\n<p>Al mismo tiempo se autoriza la transformaci\u00f3n y clasificaci\u00f3n definitiva, por parte del Departament d\u2019Ensenyament de la Generalitat, de la Escola Meritxell en Centro de Preescolar por 2 unidades de Parvulario y en Colegio para 8 unidades de E.G.B. Acontece Escuela concertada para la etapa de EGB y privada para las etapas de parvulario y BUP y COU.[\/vc_column_text][\/vc_column][\/vc_row][vc_row][vc_column][vc_separator color=\u00bbcustom\u00bb border_width=\u00bb2&#8243; accent_color=\u00bb#0062ad\u00bb][vc_custom_heading text=\u00bbA\u00f1os 90&#8243; use_theme_fonts=\u00bbyes\u00bb][vc_column_text]En mayo de 1990, se inaugura, de forma provisional, el nuevo camino pavimentado en las pistas polideportivas las que acabar\u00e1n definitivamente por el mes de septiembre. Y se coloca gres en el suelo del gimnasio, entre los vestuarios y la Sala Principal.<\/p>\n<p><strong>El a\u00f1o 91 tiene lugar la celebraci\u00f3n del Primer Encuentro de Ex-alumnos y la aparici\u00f3n, tambi\u00e9n por primera vez, de un modesto bolet\u00edn informativo que servir\u00e1 de nexo de uni\u00f3n de toda la familia del colegio titulado <em>Escuela Meritxell Informa<\/em>.<\/strong>[\/vc_column_text][\/vc_column][\/vc_row][vc_row css=\u00bb.vc_custom_1624389308289{margin-top: -25px !important;}\u00bb][vc_column width=\u00bb1\/2&#8243;][vc_column_text]El nuevo curso escolar 1992-1993 ver\u00e1 varias mejoras:<\/p>\n<ul>\n<li>la construcci\u00f3n de un falso techo en el comedor escolar con el fin de conseguir su insonorizaci\u00f3n y alicatar las paredes tanto de la sala como de los pasillos<\/li>\n<li>la pavimentaci\u00f3n de una rampa y plazoleta a la entrada de la Escuela, que completaba y comunicaba definitivamente la entrada principal con el camino de acceso a las pistas<\/li>\n<li>el terraplenado, cimentaci\u00f3n y aceras de la zona del parking de autobuses y se delimita con una valla todo el per\u00edmetro de la escuela<\/li>\n<li>se crea un moderno laboratorio de F\u00edsica y se pasa a disfrutar de 3 laboratorios: F\u00edsica, Qu\u00edmica y Biolog\u00eda<\/li>\n<li>y se termina la pavimentaci\u00f3n y ajardinamiento del lateral de la Escuela situado frente a la puerta de emergencia de la Sala de Actos \/ Gimnasio.<\/li>\n<\/ul>\n<p>El 14 de octubre de 1992, la Fundaci\u00f3 Cultural i Docent Meritxell, llamada actualmente Fundaci\u00f3 Meritxell, adquiere la titularidad administrativa, el mobiliario, instalaciones y otros bienes de la Escuela que pertenec\u00edan al Centro Docente Meritxell S.A. En consecuencia, la Fundaci\u00f3 asume la plena titularidad educativa, administrativa y nominal.[\/vc_column_text][\/vc_column][vc_column width=\u00bb1\/2&#8243;]<div class=\"thim-widget-single-images template-single-images\">\n<div class=\"single-image text-center\"><a class=\"thim-single-image-popup\" href=\"https:\/\/www.fundaciomeritxell.cat\/wp-content\/uploads\/2021\/06\/urbanitzacio-can-quirze.jpg\"><img loading=\"lazy\" decoding=\"async\" src=\"https:\/\/www.fundaciomeritxell.cat\/wp-content\/uploads\/2021\/06\/urbanitzacio-can-quirze.jpg\" width=\"800\" height=\"560\" alt=\"Urbanitzaci\u00f3 Can Quirze, Matar\u00f3\" title=\"\"><\/a><\/div><\/div>[\/vc_column][\/vc_row][vc_row css=\u00bb.vc_custom_1624389496627{margin-top: -30px !important;}\u00bb][vc_column][vc_column_text]En diciembre de 1992 el Departament d\u2019Ensenyament autoriza la escuela para tener 3 unidades del 2\u00ba. Ciclo de Educaci\u00f3n Infantil y 8 unidades de Ense\u00f1anza Primaria.[\/vc_column_text][vc_custom_heading text=\u00bbEl curso 1994-1995 la Escola Meritxell llegaba a sus 25 a\u00f1os de existencia.\u00bb font_container=\u00bbtag:h3|text_align:center|color:%230062ad\u00bb google_fonts=\u00bbfont_family:Luckiest%20Guy%3Aregular|font_style:400%20regular%3A400%3Anormal\u00bb css=\u00bb.vc_custom_1624449346090{margin-bottom: 20px !important;}\u00bb][vc_column_text]En enero de 1996 comienzan las obras del nuevo edificio de Educaci\u00f3n Infantil que ser\u00e1 inaugurado ocho meses despu\u00e9s, en septiembre del mismo a\u00f1o. La inauguraci\u00f3n fue presidida por el alcalde de Matar\u00f3, Sr. Manuel Mas i Estela.<\/p>\n<p>Iniciaremos el curso 1997-98 con la LOGSE (Ley Org\u00e1nica General del Sistema Educativo) en Secundaria, una vez completadas las etapas de Infantil y Primaria. Los alumnos que en el curso 1996-97 terminaron el 8\u00ba de EGB, en lugar de 1\u00ba de BUP, cursaron 3\u00ba de ESO.<\/p>\n<p>En 1997 se ampli\u00f3 secretar\u00eda utilizando parte de la terraza de entrada y se cre\u00f3 encima lo que fue la mediateca. Un espacio donde conviven libros y ordenadores. Se equip\u00f3 con ordenadores para el alumnado y para el profesorado.<\/p>\n<h4>En 1998 comienza con el equipamiento con ordenadores de las aulas de Educaci\u00f3n Infantil.<\/h4>\n<p><a href=\"https:\/\/www.fundaciomeritxell.cat\/es\/el-ingles-en-la-escuela\/\" target=\"_blank\" rel=\"noopener\">Ense\u00f1anza del ingl\u00e9s<\/a>: en el curso 1998-99 se desdoblan los alumnos de 5\u00ba, 6\u00ba de Primaria y 1\u00ba de ESO en dos grupos y se var\u00eda la metodolog\u00eda introduciendo m\u00e1s horas que las que marca el departamento, para practicar el ingl\u00e9s oral.<\/p>\n<p><strong> Para el mes de mayo de 1999, y por primera vez, se celebr\u00f3 en la escuela una jornada de Puertas Abiertas <\/strong> con el deseo de dar a conocer cu\u00e1l es la din\u00e1mica de trabajo-aprendizaje que se lleva a cabo en la etapa de Educaci\u00f3n Infantil.[\/vc_column_text][vc_separator color=\u00bbcustom\u00bb border_width=\u00bb2&#8243; accent_color=\u00bb#ffb828&#8243;][vc_custom_heading text=\u00bbNuevo milenio\u00bb use_theme_fonts=\u00bbyes\u00bb][\/vc_column][\/vc_row][vc_row][vc_column width=\u00bb1\/2&#8243;][vc_column_text]El curso 2000-01 est\u00e1 lleno de novedades:<\/p>\n<ul>\n<li>por primera vez los alumnos de 1\u00ba, 2\u00ba y 3\u00ba de ESO realizaron los cr\u00e9ditos de s\u00edntesis fuera de la escuela<\/li>\n<li>se inici\u00f3 el desdoblamiento de Educaci\u00f3n Infantil.<\/li>\n<li>se grad\u00faa la primera promoci\u00f3n de 2\u00ba de bachillerato de la LOGSE,<\/li>\n<li>es la primera vez que los padres y familiares son invitados en un acto en la sala Maresme.<\/li>\n<li>En diciembre se representa por primera vez un Pesebre Viviente al aire libre y abierto a las familias de Educaci\u00f3n Infantil y Primaria.<\/li>\n<li><strong>Y para el mes de julio de 2000 la escuela da un paso adelante con respecto a la comunicaci\u00f3n estrenando su p\u00e1gina web.<\/strong><\/li>\n<\/ul>\n<p style=\"font-family: raleway; color: #0062ad;\"><strong>El 13 de junio de 2001 la A.P.A. acuerda, por unanimidad, cambiar la denominaci\u00f3n de la asociaci\u00f3n gen\u00e9rica masculina para adaptar una de paritaria y a partir de ahora se llamar\u00e1 \u00abAsociaci\u00f3n de Madres y Padres de alumnos de la Escola Meritxell (A.M.I.P.A.).<\/strong><\/p>\n<p>[\/vc_column_text][\/vc_column][vc_column width=\u00bb1\/2&#8243;]<div class=\"thim-widget-single-images template-single-images\">\n<div class=\"single-image text-center\"><a class=\"thim-single-image-popup\" href=\"https:\/\/www.fundaciomeritxell.cat\/wp-content\/uploads\/2021\/06\/web-antiga.jpg\"><img loading=\"lazy\" decoding=\"async\" src=\"https:\/\/www.fundaciomeritxell.cat\/wp-content\/uploads\/2021\/06\/web-antiga.jpg\" width=\"800\" height=\"543\" alt=\"Antic web de l&#039;Escola Meritxell\" title=\"\"><\/a><\/div><\/div>[vc_column_text]<\/p>\n<p style=\"text-align: center; font-size: 16px;\">Primera p\u00e1gina web del colegio<\/p>\n<p>[\/vc_column_text][\/vc_column][\/vc_row][vc_row][vc_column][vc_column_text]En el apartado de obras de mejora, para el mes de julio del mismo a\u00f1o se comienza la remodelaci\u00f3n de la antesala del gimnasio y de la zona de aulas de la planta 1\u00aa y la semi enterrada.<\/p>\n<p>Para el curso 2002-03, el Departament d\u2019Ensenyament autoriza la modificaci\u00f3n de apertura del Centro para los siguientes niveles:<\/p>\n<ul>\n<li>6 unidades de Educaci\u00f3n Infantil,<\/li>\n<li>12 unidades de Primaria,<\/li>\n<li>4 unidades de E.S.O. y<\/li>\n<li>2 unidades de Bachillerato para tres especialidades.<\/li>\n<\/ul>\n<p>En septiembre de 2003 se inicia el curso con dos novedades: a 1\u00ba y 2\u00ba de Educaci\u00f3n Primaria se imparte el Conocimiento del Medio en ingl\u00e9s, materia que se denominar\u00e1 Science.<\/p>\n<p>Para el mes de julio de 2004 se pavimenta parte del patio de Educaci\u00f3n Infantil, acabando con tierra sint\u00e9tica de caucho.<\/p>\n<h4 style=\"color: #0062ad; font-family: 'pt mono'; text-align: center;\">En noviembre de 2006 se instala una red WiFi en todo el edificio principal y el de Educaci\u00f3n Infantil.<\/h4>\n<p><strong> Se empieza a impartir el franc\u00e9s como segunda lengua extranjera <\/strong> a partir de tercero de Primaria. Tambi\u00e9n en este mismo curso se aumentan las horas de ingl\u00e9s semanales en ESO: tres horas acad\u00e9micas y dos de ingl\u00e9s oral.[\/vc_column_text][\/vc_column][\/vc_row][vc_row][vc_column width=\u00bb1\/2&#8243;]<div class=\"thim-widget-single-images template-single-images\">\n<div class=\"single-image text-center\"><a class=\"thim-single-image-popup\" href=\"https:\/\/www.fundaciomeritxell.cat\/wp-content\/uploads\/2021\/06\/Contruccio-Edifici-Batxillerat.jpg\"><img loading=\"lazy\" decoding=\"async\" src=\"https:\/\/www.fundaciomeritxell.cat\/wp-content\/uploads\/2021\/06\/Contruccio-Edifici-Batxillerat.jpg\" width=\"1000\" height=\"532\" alt=\"Contrucci\u00f3 Edifici Batxillerat Escola Meritxell\" title=\"\"><\/a><\/div><\/div>[vc_column_text]<\/p>\n<p style=\"text-align: center; font-size: 16px;\">Construcci\u00f3n del Edificio de Bachillerato (2009-10)<\/p>\n<p>[\/vc_column_text][\/vc_column][vc_column width=\u00bb1\/2&#8243;][vc_column_text]Tambi\u00e9n se inician Los Padrinages de lectura de los ni\u00f1os y ni\u00f1as de 1r ciclo de primaria con los de 3r ciclo de primaria.<\/p>\n<p><strong> Para el mes de noviembre de 2009 se inicia el derribo de un edificio emblem\u00e1tico para la Escola Meritxell: la torre Buira, cuna del actual colegio. En el mismo lugar se construir\u00e1 el equipamiento para Bachillerato. <\/strong><\/p>\n<p>El d\u00eda 5 de noviembre de 2010 fue la fecha escogida para el acto oficial de la inauguraci\u00f3n del nuevo edificio de Bachillerato, con la presencia del alcalde de la ciudad Sr. Joan Antoni Baron y otras personalidades.<\/p>\n<p>El Patronato de la Escuela Meritxell aprueba poner en marcha la escuela de idiomas <a href=\"https:\/\/www.fundaciomeritxell.cat\/es\/escuela-cic-idiomas-mataro\/\" target=\"_blank\" rel=\"noopener\">CIC Idiomas-Matar\u00f3 <\/a> para la ense\u00f1anza del ingl\u00e9s.[\/vc_column_text][\/vc_column][\/vc_row][vc_row][vc_column width=\u00bb1\/2&#8243;][vc_column_text]Tambi\u00e9n en esta \u00e9poca se aplican los siguientes cambios:<\/p>\n<ul>\n<li>a 4\u00ba de ESO se desarrolla un doble itinerario de car\u00e1cter orientador de cara al Bachillerato<\/li>\n<li>inician clases de Estad\u00edstica a 1\u00ba de Bachillerato y de \u00c1lgebra Lineal a 2\u00ba., como materias complementarias para facilitar la entrada en la Universidad del alumnado<\/li>\n<li>instaura la figura de co-tutor\/a en Primaria<\/li>\n<li>en Primaria, dentro de la materia de Ingl\u00e9s, celebra \u00abEnglish Festivities\u00bb<\/li>\n<li><a href=\"https:\/\/www.fundaciomeritxell.cat\/es\/doip\/\" target=\"_blank\" rel=\"noopener\">Departamento Psicopedag\u00f3gico <\/a> (DOIP) se reestructura y ampl\u00eda sus funciones<\/li>\n<\/ul>\n<p>A partir de este momento, la escuela ya tiene desdoblados todos los cursos hasta segundo de Bachillerato, momento en que M\u00aa Antonia Cobo deja la direcci\u00f3n y la inicia Eduard Sol\u00e9 en septiembre de 2015 con el programa ExACCT.[\/vc_column_text][\/vc_column][vc_column width=\u00bb1\/2&#8243;][vc_column_text]Con el objetivo de preparar a nuestros alumnos para un mundo m\u00e1s abierto y multicultural, ofrecemos, durante la ESO y desde el curso 2017-2018, el <a href=\"https:\/\/www.fundaciomeritxell.cat\/nou- diploma-dual-international-high-school \/\" rel=\"noreferrer noopener\" data-type=\" post \" data-id=\" 9941 \">diploma dual de la American High School<\/a>, que posibilita la obtenci\u00f3n de una doble titulaci\u00f3n al final del Bachillerato.<\/p>\n<p>El proyecto de remodelaci\u00f3n del Edificio Principal y redefinici\u00f3n de espacios en el Edificio de infantil se inici\u00f3 el 2017 y se ha prolongado hasta el verano del 2022. El objetivo del proyecto ha estado actualizar los espacios buscando la imagen de orden, calidez, funcionalidad, versatilidad y modernidad que queremos transmitir adecu\u00e1ndolos al proyecto Pedag\u00f3gico y educativo. Igualmente, se han renovado las instalaciones el\u00e9ctricas, cierres de aluminio, nueva calefacci\u00f3n en todo el edificio y luminarias de bajo consumo para hacer m\u00e1s sostenible la escuela.<\/p>\n<p>El Speaking Workshop inicia en enero de 2018 para todos los alumnos de la ESO. Cada alumno participa en un taller de conversaci\u00f3n en ingl\u00e9s con profesora nativa durante 30 minutos cada 15 d\u00edas.[\/vc_column_text][\/vc_column][\/vc_row][vc_row][vc_column][vc_single_image image=\u00bb18050&#8243; img_size=\u00bbfull\u00bb alignment=\u00bbcenter\u00bb][\/vc_column][\/vc_row]<\/p>\n<\/div>","protected":false},"excerpt":{"rendered":"<p>[vc_row css=\u00bb.vc_custom_1624387068065{margin-bottom: -25px !important;}\u00bb][vc_column width=\u00bb2\/3&#8243;][vc_column_text] En esta p\u00e1gina encontrar\u00e1s un repaso por los primeros 50 a\u00f1os de la Escola Meritxell que celebramos durante el curso 2019-20. Hemos recogido las fechas e hitos m\u00e1s importantes y las curiosidades m\u00e1s interesantes de manera cronol\u00f3gica. Si deseas conocer m\u00e1s detalles de estos primeros &hellip; <\/p>\n","protected":false},"author":3,"featured_media":0,"parent":0,"menu_order":0,"comment_status":"closed","ping_status":"closed","template":"","meta":{"rs_blank_template":"","rs_page_bg_color":"","slide_template_v7":"","footnotes":""},"class_list":["post-18155","page","type-page","status-publish","hentry"],"_links":{"self":[{"href":"https:\/\/www.fundaciomeritxell.cat\/es\/wp-json\/wp\/v2\/pages\/18155","targetHints":{"allow":["GET"]}}],"collection":[{"href":"https:\/\/www.fundaciomeritxell.cat\/es\/wp-json\/wp\/v2\/pages"}],"about":[{"href":"https:\/\/www.fundaciomeritxell.cat\/es\/wp-json\/wp\/v2\/types\/page"}],"author":[{"embeddable":true,"href":"https:\/\/www.fundaciomeritxell.cat\/es\/wp-json\/wp\/v2\/users\/3"}],"replies":[{"embeddable":true,"href":"https:\/\/www.fundaciomeritxell.cat\/es\/wp-json\/wp\/v2\/comments?post=18155"}],"version-history":[{"count":0,"href":"https:\/\/www.fundaciomeritxell.cat\/es\/wp-json\/wp\/v2\/pages\/18155\/revisions"}],"wp:attachment":[{"href":"https:\/\/www.fundaciomeritxell.cat\/es\/wp-json\/wp\/v2\/media?parent=18155"}],"curies":[{"name":"wp","href":"https:\/\/api.w.org\/{rel}","templated":true}]}}