{"id":16640,"date":"2021-03-23T11:18:41","date_gmt":"2021-03-23T09:18:41","guid":{"rendered":"https:\/\/www.fundaciomeritxell.cat\/?page_id=16640"},"modified":"2026-04-28T17:07:59","modified_gmt":"2026-04-28T15:07:59","slug":"jornada-de-aulas-abiertas","status":"publish","type":"page","link":"https:\/\/www.fundaciomeritxell.cat\/es\/jornada-de-aulas-abiertas\/","title":{"rendered":"ADMISIONES 2026-2027"},"content":{"rendered":"<div class=\"wpb-content-wrapper\"><p>[vc_row][vc_column][vc_single_image image=\u00bb26290&#8243; img_size=\u00bbfull\u00bb alignment=\u00bbcenter\u00bb css=\u00bb\u00bb][vc_column_text css=\u00bb.vc_custom_1744715706834{margin-top: 0px !important;margin-bottom: 0px !important;border-top-width: 0px !important;border-bottom-width: 0px !important;padding-top: 0px !important;padding-bottom: 0px !important;}\u00bb]<\/p>\n<h2>Descubre la Escola Meritxell: un entorno natural, un proyecto educativo de calidad<\/h2>\n<p>\u00bfBuscas colegio para tu hijo o hija?<\/p>\n<p>La Escola Meritxell es un colegio concertado en Matar\u00f3, capital del Maresme. En esta p\u00e1gina encontrar\u00e1s toda la informaci\u00f3n sobre nuestras admisiones, las jornadas de puertas abiertas que celebramos, el calendario oficial de preinscripci\u00f3n y matr\u00edcula desde Educaci\u00f3n Infantil hasta Bachillerato pasando por Educaci\u00f3n Primaria y Educaci\u00f3n Secundaria Obligatoria.<\/p>\n<p>Ven a visitar la Escola Meritxell y descubrir\u00e1s una escuela en medio de la Naturaleza, con vistas al mar e instalaciones modernas. Un entorno excepcional para educar en valores de grupo y esp\u00edritu cr\u00edtico.[\/vc_column_text][vc_row_inner][vc_column_inner width=\u00bb1\/3&#8243;]<div class=\"thim-widget-heading template-base\"><div class=\"sc_heading  \"><h3 style=\"color:#0058A2;\" class=\"title\">Instalaciones y Naturaleza<\/h3><span style=\"background-color:#ECB82C\" class=\"line\"><\/span><\/div><\/div>[vc_column_text css=\u00bb\u00bb]Un colegio rodeado de naturaleza, cerca de ti.<\/p>\n<p>Somos una escuela concertada en El Maresme ubicada en un entorno natural privilegiado. A s\u00f3lo 5 minutos de Matar\u00f3 y con servicio de transporte escolar desde distintos puntos de la comarca.[\/vc_column_text][\/vc_column_inner][vc_column_inner width=\u00bb1\/3&#8243;]<div class=\"thim-widget-heading template-base\"><div class=\"sc_heading  \"><h3 style=\"color:#0058A2;\" class=\"title\">Valores y Proyecto Educativo<\/h3><span style=\"background-color:#ECB82C\" class=\"line\"><\/span><\/div><\/div>[vc_column_text css=\u00bb\u00bb]Educamos con criterio, valores y esp\u00edritu cr\u00edtico.<\/p>\n<p>En el Meritxell <a href=\"https:\/\/www.fundaciomeritxell.cat\/es\/escuela\/crecimiento-personal\/\" target=\"_blank\" rel=\"noopener\">preparamos a los ni\u00f1os y j\u00f3venes para el futuro<\/a>: personas respetuosas, con opini\u00f3n propia, competentes en idiomas y tecnolog\u00edas y comprometidas con su entorno.[\/vc_column_text][\/vc_column_inner][vc_column_inner width=\u00bb1\/3&#8243;]<div class=\"thim-widget-heading template-base\"><div class=\"sc_heading  \"><h3 style=\"color:#0058A2;\" class=\"title\">Para qui\u00e9n es el Meritxell<\/h3><span style=\"background-color:#ECB82C\" class=\"line\"><\/span><\/div><\/div>[vc_column_text css=\u00bb\u00bb]Un colegio para todas las familias que buscan calidad educativa.<\/p>\n<p>Una escuela <a href=\"https:\/\/www.fundaciomeritxell.cat\/es\/escuela\/apertura-al-mundo\/\" target=\"_blank\" rel=\"noopener\">abierta al mundo<\/a>, cercana, que combina resultados acad\u00e9micos con educaci\u00f3n emocional y personal.[\/vc_column_text][\/vc_column_inner][\/vc_row_inner][vc_separator color=\u00bbcustom\u00bb border_width=\u00bb2&#8243; css=\u00bb.vc_custom_1744718713688{margin-bottom: 0px !important;}\u00bb accent_color=\u00bb#ECB82C\u00bb][\/vc_column][\/vc_row][vc_row][vc_column]<div class=\"thim-widget-heading template-base\"><div class=\"sc_heading clone_title \"><h2 style=\"text-transform: uppercase;color:#0058A2;\" class=\"title\">Jornada de Aulas Abiertas 2026<\/h2><div class=\"clone\" style=\"color:#0058A2;\">Jornada de Aulas Abiertas 2026<\/div><\/div><\/div>[vc_column_text css=\u00bb.vc_custom_1771920236243{margin-top: 0px !important;margin-bottom: 0px !important;border-top-width: 0px !important;border-bottom-width: 0px !important;padding-top: 0px !important;padding-bottom: 0px !important;}\u00bb]Las Jornadas de Aulas Abiertas para <a href=\"https:\/\/www.fundaciomeritxell.cat\/es\/infantil-2\/\" target=\"_blank\" rel=\"noopener\"><strong>Educaci\u00f3n Infantil<\/strong><\/a>, <a href=\"https:\/\/www.fundaciomeritxell.cat\/es\/primaria\/\" target=\"_blank\" rel=\"noopener\"><strong>Educaci\u00f3n Primaria<\/strong><\/a>, <a href=\"https:\/\/www.fundaciomeritxell.cat\/es\/secundaria-2\/\" target=\"_blank\" rel=\"noopener\"><strong>ESO<\/strong><\/a> y <a href=\"https:\/\/www.fundaciomeritxell.cat\/es\/bachillerato\/\" target=\"_blank\" rel=\"noopener\"><strong>Bachillerato<\/strong><\/a> tendr\u00e1n lugar <strong>el s\u00e1bado 28 de febrero de 2026 de 9h a 13h,<\/strong> y os pod\u00e9is inscribir llamando a la Secretar\u00eda de la escuela o bien por correo electr\u00f3nico.<\/p>\n<p>Te explicaremos c\u00f3mo trabajamos, visitar\u00e1s nuestras instalaciones y podr\u00e1s hablar directamente con el equipo docente y las familias de la escuela.[\/vc_column_text][vc_column_text css=\u00bb.vc_custom_1764241196911{margin-top: 25px !important;padding-top: 20px !important;padding-bottom: 20px !important;background-color: #E8E8E8E3 !important;}\u00bb]<\/p>\n<p style=\"text-align: center;\">Si no os va bien esta fecha, tambi\u00e9n pod\u00e9is pedir cita para tener una visita personalizada (online o presencial) con el Director Pedag\u00f3gico del Colegio.<\/p>\n<p style=\"text-align: center;\">Pod\u00e9is contactarnos al <a href=\"tel:937556550\"><strong>93 755 65 50<\/strong><\/a> o a\u00a0<a href=\"mailto:secretaria@escolameritxell.org\"><strong>secretaria@escolameritxell.org<\/strong><\/a><\/p>\n<p>[\/vc_column_text][vc_column_text css=\u00bb.vc_custom_1761033754321{margin-top: 25px !important;}\u00bb]Te invitamos a ver el <strong><a href=\"https:\/\/www.fundaciomeritxell.cat\/wp-content\/webTour\/web\/index.htm\" target=\"_blank\" rel=\"noreferrer noopener\">Tour Virtual<\/a><\/strong> d\u00f3nde ver\u00e1s todas las instalaciones del colegio.<\/p>\n<p>Pod\u00e9is consultar la <a href=\"https:\/\/www.dropbox.com\/scl\/fi\/c5960llvudff9ja1orm74\/memoria-meritxell-2024-25.pdf?rlkey=mt188c23d73n1ju1xq0heicb9&amp;st=2qfrdhks&amp;dl=0\" target=\"_blank\" rel=\"noopener\"><strong>Mem\u00f2ria Resum del \u00faltimo curso del colegio<\/strong><\/a> donde encontrar\u00e9is los datos generales, los resultados acad\u00e9micos, un mapa de la escuela y las actividades extraescolares, de idiomas, educativas y viajes que hemos llevado a cabo a lo largo del curso.[\/vc_column_text][vc_separator color=\u00bbcustom\u00bb border_width=\u00bb2&#8243; css=\u00bb\u00bb accent_color=\u00bb#ECB82C\u00bb][\/vc_column][\/vc_row][vc_row][vc_column][vc_column_text css=\u00bb\u00bb]<\/p>\n<h2>Preinscripci\u00f3n del curso 2026-2027<\/h2>\n<ul>\n<li class=\"x_elementToProof\"><strong data-start=\"33\" data-end=\"77\">Educaci\u00f3n infantil y educaci\u00f3n primaria:<\/strong> Del 4 al 18 de marzo de 2026<\/li>\n<li class=\"x_elementToProof\"><strong data-start=\"109\" data-end=\"146\">Educaci\u00f3n secundaria obligatoria:<\/strong> Del 6 al 18 de marzo de 2026<\/li>\n<li class=\"x_elementToProof\"><strong data-start=\"178\" data-end=\"195\">Bachillerato:<\/strong> A partir del 9 de abril de 2026<\/li>\n<\/ul>\n<p>&nbsp;<\/p>\n<p><strong><a href=\"https:\/\/www.dropbox.com\/scl\/fi\/uezdafhlx1gv25kni5x5e\/INFORME_OFERTA-INICIAL-2026-2027.pdf?rlkey=62acza9m8hp46mw9dbu2xqhq8&amp;st=yc2xvubt&amp;dl=0\" target=\"_blank\" rel=\"noopener\">Oferta inicial.<\/a><\/strong><br \/>\n<strong><a href=\"https:\/\/www.dropbox.com\/scl\/fi\/iog4xh1fwyd478z0phq4k\/Llista-de-sol.licituts-amb-la-puntuaci-provisional.pdf?rlkey=asr6eccv20tx6me6sgxkuae09&amp;st=ulf2vsta&amp;dl=0\" target=\"_blank\" rel=\"noopener\">Publicaci\u00f3n de la lista de solicitudes con la puntuaci\u00f3n provisional.<\/a><\/strong><\/p>\n<p><strong><span class=\"Y2IQFc\" lang=\"es\">El 42.129 es el n\u00famero del sorteo de desempate para la preinscripci\u00f3n escolar de segundo ciclo de educaci\u00f3n infantil, primaria y ESO para el curso 2026-2027.<\/span><\/strong><\/p>\n<p><strong>\u00a0<\/strong>[\/vc_column_text][\/vc_column][\/vc_row][vc_row][vc_column][vc_column_text css=\u00bb\u00bb]<\/p>\n<h2>Matriculaci\u00f3n del curso 2026-2027<\/h2>\n<p><strong>Educaci\u00f3n Infantil, Primaria y ESO (que tengan plaza asignada):<\/strong> <em>Del 22 al 30 de junio.<\/em><br data-start=\"86\" data-end=\"89\" \/><strong>Bachillerato:<\/strong> <em>A partir del 18 de mayo.<\/em>[\/vc_column_text][\/vc_column][\/vc_row]<\/p>\n<\/div>","protected":false},"excerpt":{"rendered":"<p>[vc_row][vc_column][vc_single_image image=\u00bb26290&#8243; img_size=\u00bbfull\u00bb alignment=\u00bbcenter\u00bb css=\u00bb\u00bb][vc_column_text css=\u00bb.vc_custom_1744715706834{margin-top: 0px !important;margin-bottom: 0px !important;border-top-width: 0px !important;border-bottom-width: 0px !important;padding-top: 0px !important;padding-bottom: 0px !important;}\u00bb] Descubre la Escola Meritxell: un entorno natural, un proyecto educativo de calidad \u00bfBuscas colegio para tu hijo o hija? La Escola Meritxell es un colegio concertado en Matar\u00f3, capital del Maresme. En &hellip; <\/p>\n","protected":false},"author":2,"featured_media":0,"parent":0,"menu_order":0,"comment_status":"closed","ping_status":"closed","template":"","meta":{"rs_blank_template":"","rs_page_bg_color":"","slide_template_v7":"","footnotes":""},"class_list":["post-16640","page","type-page","status-publish","hentry"],"_links":{"self":[{"href":"https:\/\/www.fundaciomeritxell.cat\/es\/wp-json\/wp\/v2\/pages\/16640","targetHints":{"allow":["GET"]}}],"collection":[{"href":"https:\/\/www.fundaciomeritxell.cat\/es\/wp-json\/wp\/v2\/pages"}],"about":[{"href":"https:\/\/www.fundaciomeritxell.cat\/es\/wp-json\/wp\/v2\/types\/page"}],"author":[{"embeddable":true,"href":"https:\/\/www.fundaciomeritxell.cat\/es\/wp-json\/wp\/v2\/users\/2"}],"replies":[{"embeddable":true,"href":"https:\/\/www.fundaciomeritxell.cat\/es\/wp-json\/wp\/v2\/comments?post=16640"}],"version-history":[{"count":19,"href":"https:\/\/www.fundaciomeritxell.cat\/es\/wp-json\/wp\/v2\/pages\/16640\/revisions"}],"predecessor-version":[{"id":26657,"href":"https:\/\/www.fundaciomeritxell.cat\/es\/wp-json\/wp\/v2\/pages\/16640\/revisions\/26657"}],"wp:attachment":[{"href":"https:\/\/www.fundaciomeritxell.cat\/es\/wp-json\/wp\/v2\/media?parent=16640"}],"curies":[{"name":"wp","href":"https:\/\/api.w.org\/{rel}","templated":true}]}}