{"id":16561,"date":"2021-03-22T17:01:30","date_gmt":"2021-03-22T15:01:30","guid":{"rendered":"https:\/\/www.fundaciomeritxell.cat\/?page_id=16561"},"modified":"2026-03-20T16:20:53","modified_gmt":"2026-03-20T14:20:53","slug":"bachillerato","status":"publish","type":"page","link":"https:\/\/www.fundaciomeritxell.cat\/es\/bachillerato\/","title":{"rendered":"BACHILLERATO"},"content":{"rendered":"<div class=\"wpb-content-wrapper\"><p>[vc_row][vc_column][vc_single_image image=\u00bb26280&#8243; img_size=\u00bbfull\u00bb alignment=\u00bbcenter\u00bb css=\u00bb\u00bb][\/vc_column][\/vc_row][vc_row][vc_column][vc_column_text css=\u00bb\u00bb]<\/p>\r\n<p>La finalidad del Bachillerato es la <strong>orientaci\u00f3n y preparaci\u00f3n tanto <a href=\"https:\/\/www.fundaciomeritxell.cat\/es\/escuela\/innovacion-educativa\/\" target=\"_blank\" rel=\"noreferrer noopener\">intelectual<\/a> como <a href=\"https:\/\/www.fundaciomeritxell.cat\/es\/escuela\/crecimiento-personal\/\" target=\"_blank\" rel=\"noreferrer noopener\">personal<\/a><\/strong> de los alumnos para los estudios superiores y posteriormente para el mundo laboral.<\/p>\r\n\r\n<p>&nbsp;<\/p>\r\n<div class=\"wp-block-image\">\r\n<figure class=\"alignleft is-resized\"><a href=\"https:\/\/www.fundaciomeritxell.cat\/wp-content\/uploads\/2018\/07\/Batxillerat-Escola-Meritxell-Quimica.jpg\" target=\"_blank\" rel=\"noopener noreferrer\"><img loading=\"lazy\" decoding=\"async\" width=\"900\" height=\"302\" class=\"wp-image-10881\" style=\"width: 430px; height: 144px;\" src=\"https:\/\/www.fundaciomeritxell.cat\/wp-content\/uploads\/2018\/07\/Batxillerat-Escola-Meritxell-Quimica.jpg\" alt=\"Laboratori d&#039;electr\u00f2nica a Batxillerat de l&#039;Escola Meritxell de Matar\u00f3\" title=\"\" srcset=\"https:\/\/www.fundaciomeritxell.cat\/wp-content\/uploads\/2018\/07\/Batxillerat-Escola-Meritxell-Quimica.jpg 900w, https:\/\/www.fundaciomeritxell.cat\/wp-content\/uploads\/2018\/07\/Batxillerat-Escola-Meritxell-Quimica-600x201.jpg 600w, https:\/\/www.fundaciomeritxell.cat\/wp-content\/uploads\/2018\/07\/Batxillerat-Escola-Meritxell-Quimica-300x101.jpg 300w, https:\/\/www.fundaciomeritxell.cat\/wp-content\/uploads\/2018\/07\/Batxillerat-Escola-Meritxell-Quimica-768x258.jpg 768w\" sizes=\"auto, (max-width: 900px) 100vw, 900px\" \/><\/a><\/figure>\r\n<\/div>\r\n<p>Es una etapa donde prevalece el aprendizaje basado en la <strong>creatividad<\/strong> (el pensamiento cr\u00edtico y el razonamiento) y el <strong>aprendizaje competencial<\/strong>.<\/p>\r\n\r\n<p>Son dos cursos, de car\u00e1cter voluntario, en los que el alumno opta por una de las modalidades impartidas: \u00abCiencias y Tecnolog\u00eda\u00bb y \u00abHumanidades y Ciencias Sociales\u00bb.<\/p>\r\n\r\n<p>&nbsp;<\/p>\r\n<div class=\"wp-block-image\">\r\n<figure class=\"alignright is-resized\"><a href=\"https:\/\/www.fundaciomeritxell.cat\/wp-content\/uploads\/2018\/07\/Batxillerat-Escola-Meritxell-Presentacions.jpg\" target=\"_blank\" rel=\"noopener noreferrer\"><img loading=\"lazy\" decoding=\"async\" width=\"900\" height=\"506\" class=\"wp-image-10879\" style=\"width: 434px; height: 243px;\" src=\"https:\/\/www.fundaciomeritxell.cat\/wp-content\/uploads\/2018\/07\/Batxillerat-Escola-Meritxell-Presentacions.jpg\" alt=\"Presentacions en p\u00fablic a una classe de Batxillerat Escola Meritxell de Matar\u00f3\" title=\"\" srcset=\"https:\/\/www.fundaciomeritxell.cat\/wp-content\/uploads\/2018\/07\/Batxillerat-Escola-Meritxell-Presentacions.jpg 900w, https:\/\/www.fundaciomeritxell.cat\/wp-content\/uploads\/2018\/07\/Batxillerat-Escola-Meritxell-Presentacions-600x337.jpg 600w, https:\/\/www.fundaciomeritxell.cat\/wp-content\/uploads\/2018\/07\/Batxillerat-Escola-Meritxell-Presentacions-300x169.jpg 300w, https:\/\/www.fundaciomeritxell.cat\/wp-content\/uploads\/2018\/07\/Batxillerat-Escola-Meritxell-Presentacions-768x432.jpg 768w\" sizes=\"auto, (max-width: 900px) 100vw, 900px\" \/><\/a><\/figure>\r\n<\/div>\r\n<p>El horario de clase es de 8:00h a 14:00h, m\u00e1s una tarde de 15:00h a 17:00h, ya que se imparte una hora de clase m\u00e1s de Lengua catalana y de Lengua castellana en ambos cursos. Quincenalmente, una tarde m\u00e1s adicional, se imparten materias no curriculares pero s\u00ed necesarias para poder seguir los estudios posteriores con garant\u00edas.<\/p>\r\n\r\n<p>El resto de las tardes, a excepci\u00f3n del viernes, se refuerza con clases voluntarias de repaso impartidas por el mismo profesorado de Lengua, Matem\u00e1ticas, F\u00edsica, <a href=\"https:\/\/www.fundaciomeritxell.cat\/es\/el-ingles-en-la-escuela\/\" target=\"_blank\" rel=\"noreferrer noopener\">Ingl\u00e9s<\/a> y Qu\u00edmica, en grupos reducidos, y en horario de 15:00h a 17:00 h.<\/p>\r\n\r\n<p>Asimismo, tambi\u00e9n se ofrecen servicios de <a class=\"keychainify-checked\" href=\"https:\/\/www.fundaciomeritxell.cat\/es\/doip\/\" target=\"_blank\" rel=\"noreferrer noopener\">orientaci\u00f3n e intervenci\u00f3n psicopedag\u00f3gica<\/a>, de <a class=\"keychainify-checked\" href=\"https:\/\/www.fundaciomeritxell.cat\/es\/transporte\/\" target=\"_blank\" rel=\"noreferrer noopener\">transporte escolar<\/a>, <a class=\"keychainify-checked\" href=\"https:\/\/www.fundaciomeritxell.cat\/es\/comedor\/\" target=\"_blank\" rel=\"noreferrer noopener\">cafeter\u00eda con servicio de comidas<\/a> y de <a class=\"keychainify-checked\" href=\"https:\/\/www.fundaciomeritxell.cat\/es\/cic-idiomes\/\" target=\"_blank\" rel=\"noreferrer noopener\">escuela de idiomas propia<\/a>. Haced clic sobre el servicio o ver el apartado \u00bb Servicios\u00bb de esta web.<\/p>\r\n<p>[\/vc_column_text][\/vc_column][\/vc_row][vc_row][vc_column][vc_video link=\u00bbhttps:\/\/youtu.be\/NMrxsfOinmo\u00bb css=\u00bb\u00bb][\/vc_column][\/vc_row][vc_row][vc_column][vc_separator css=\u00bb\u00bb][\/vc_column][\/vc_row][vc_row][vc_column][vc_column_text css=\u00bb\u00bb]<\/p>\r\n<h2 class=\"wp-block-heading\">Diploma Dual de l&#8217;American High School<\/h2>\r\n<p><br \/><div class=\"wp-block-image\"><\/p>\r\n<figure class=\"alignleft is-resized\"><a href=\"https:\/\/www.fundaciomeritxell.cat\/wp-content\/uploads\/2017\/06\/logo-Academica-black-250x76-1.jpeg\"><img loading=\"lazy\" decoding=\"async\" width=\"250\" height=\"76\" class=\"wp-image-9837\" style=\"width: 369px; height: 112px;\" src=\"https:\/\/www.fundaciomeritxell.cat\/wp-content\/uploads\/2017\/06\/logo-Academica-black-250x76-1.jpeg\" alt=\"Diploma Dual de l\u2019American High School i l&#039;Escola Meritxell\" title=\"\"><\/a><\/figure>\r\n<p><\/div>\r\n\r\nCon el objetivo de preparar a nuestros alumnos para un <a href=\"https:\/\/www.fundaciomeritxell.cat\/es\/trets-didentitat-escola-meritxell\/apertura-al-mundo\/\" target=\"_blank\" rel=\"noreferrer noopener\">mundo m\u00e1s abierto<\/a> y multicultural, ofrecemos, durante la ESO y desde el curso 2017-2018, el\u00a0<a href=\"https:\/\/www.academica.school\/files\/Guia-Rapida-ACADEMICA_CAST.pdf\" target=\"_blank\" rel=\"noreferrer noopener\">Diploma Dual de la American High School<\/a>,\u00a0que posibilita la obtenci\u00f3n de una doble titulaci\u00f3n una vez finalizado el\u00a0Bachillerato.<\/p>\r\n<p>\r\n\r\nSe trata de un programa interdisciplinario que enfatiza en la inmersi\u00f3n educativa en ingl\u00e9s, la capacitaci\u00f3n tecnol\u00f3gica y el desarrollo personal del alumno. La titulaci\u00f3n que se obtiene al final del programa es la misma que la de los estudiantes norteamericanos, tiene validez en todos los estados de los EUA y est\u00e1 reconocida y es muy valorada\u00a0por todas sus universidades. Actualmente\u00a0<a href=\"https:\/\/www.academica.school\/los300mejores\" target=\"_blank\" rel=\"noreferrer noopener\">m\u00e1s de 300 escuelas de entre las mejores del estado<\/a>\u00a0ya ofrecen esta titulaci\u00f3n. Si est\u00e1is interesados, pod\u00e9is pedir m\u00e1s informaci\u00f3n a\u00a0<a href=\"mailto:secretaria@escolameritxell.org\">secretaria@escolameritxell.org<\/a><\/p>\r\n<p>[\/vc_column_text][\/vc_column][\/vc_row][vc_row][vc_column][vc_video link=\u00bbhttps:\/\/youtu.be\/y4dSlLVW9fM\u00bb css=\u00bb\u00bb][\/vc_column][\/vc_row][vc_row][vc_column][vc_column_text css=\u00bb\u00bb]<\/p>\r\n<h2 class=\"wp-block-heading has-text-align-center\">Si quer\u00e9is conocer mejor nuestro modelo educativo pod\u00e9is consultar nuestro\u00a0<a href=\"https:\/\/www.fundaciomeritxell.cat\/es\/escuela\/\" target=\"_blank\" rel=\"noreferrer noopener\">Proyecto Educativo de Centro<\/a>.<\/h2>\r\n<p>[\/vc_column_text][\/vc_column][\/vc_row]<\/p><\/div>","protected":false},"excerpt":{"rendered":"<p>[vc_row][vc_column][vc_single_image image=\u00bb26280&#8243; img_size=\u00bbfull\u00bb alignment=\u00bbcenter\u00bb css=\u00bb\u00bb][\/vc_column][\/vc_row][vc_row][vc_column][vc_column_text css=\u00bb\u00bb] La finalidad del Bachillerato es la orientaci\u00f3n y preparaci\u00f3n tanto intelectual como personal de los alumnos para los estudios superiores y posteriormente para el mundo laboral. &nbsp; Es una etapa donde prevalece el aprendizaje basado en la creatividad (el pensamiento cr\u00edtico y el razonamiento) &hellip; <\/p>\n","protected":false},"author":2,"featured_media":0,"parent":0,"menu_order":0,"comment_status":"closed","ping_status":"closed","template":"","meta":{"rs_blank_template":"","rs_page_bg_color":"","slide_template_v7":"","footnotes":""},"class_list":["post-16561","page","type-page","status-publish","hentry"],"_links":{"self":[{"href":"https:\/\/www.fundaciomeritxell.cat\/es\/wp-json\/wp\/v2\/pages\/16561","targetHints":{"allow":["GET"]}}],"collection":[{"href":"https:\/\/www.fundaciomeritxell.cat\/es\/wp-json\/wp\/v2\/pages"}],"about":[{"href":"https:\/\/www.fundaciomeritxell.cat\/es\/wp-json\/wp\/v2\/types\/page"}],"author":[{"embeddable":true,"href":"https:\/\/www.fundaciomeritxell.cat\/es\/wp-json\/wp\/v2\/users\/2"}],"replies":[{"embeddable":true,"href":"https:\/\/www.fundaciomeritxell.cat\/es\/wp-json\/wp\/v2\/comments?post=16561"}],"version-history":[{"count":7,"href":"https:\/\/www.fundaciomeritxell.cat\/es\/wp-json\/wp\/v2\/pages\/16561\/revisions"}],"predecessor-version":[{"id":26281,"href":"https:\/\/www.fundaciomeritxell.cat\/es\/wp-json\/wp\/v2\/pages\/16561\/revisions\/26281"}],"wp:attachment":[{"href":"https:\/\/www.fundaciomeritxell.cat\/es\/wp-json\/wp\/v2\/media?parent=16561"}],"curies":[{"name":"wp","href":"https:\/\/api.w.org\/{rel}","templated":true}]}}