{"id":16634,"date":"2015-03-05T10:20:33","date_gmt":"2015-03-05T09:20:33","guid":{"rendered":"https:\/\/www.fundaciomeritxell.cat\/on-som\/"},"modified":"2025-11-05T11:18:31","modified_gmt":"2025-11-05T09:18:31","slug":"contact-us","status":"publish","type":"page","link":"https:\/\/www.fundaciomeritxell.cat\/en\/contact-us\/","title":{"rendered":"CONTACT"},"content":{"rendered":"<div class=\"wpb-content-wrapper\"><p>[vc_row gap=&#8221;10&#8243;][vc_column width=&#8221;1\/2&#8243;][vc_custom_heading text=&#8221;Send us a message&#8221; font_container=&#8221;tag:h3|text_align:left&#8221; use_theme_fonts=&#8221;yes&#8221;]\n<div class=\"wpcf7 no-js\" id=\"wpcf7-f17205-o1\" lang=\"en-US\" dir=\"ltr\" data-wpcf7-id=\"17205\">\n<div class=\"screen-reader-response\"><p role=\"status\" aria-live=\"polite\" aria-atomic=\"true\"><\/p> <ul><\/ul><\/div>\n<form action=\"\/en\/wp-json\/wp\/v2\/pages\/16634#wpcf7-f17205-o1\" method=\"post\" class=\"wpcf7-form init\" aria-label=\"Contact form\" novalidate=\"novalidate\" data-status=\"init\">\n<fieldset class=\"hidden-fields-container\"><input type=\"hidden\" name=\"_wpcf7\" value=\"17205\" \/><input type=\"hidden\" name=\"_wpcf7_version\" value=\"6.1.5\" \/><input type=\"hidden\" name=\"_wpcf7_locale\" value=\"en_US\" \/><input type=\"hidden\" name=\"_wpcf7_unit_tag\" value=\"wpcf7-f17205-o1\" \/><input type=\"hidden\" name=\"_wpcf7_container_post\" value=\"0\" \/><input type=\"hidden\" name=\"_wpcf7_posted_data_hash\" value=\"\" \/>\n<\/fieldset>\n<p><span class=\"wpcf7-form-control-wrap\" data-name=\"your-name\"><input size=\"40\" maxlength=\"400\" class=\"wpcf7-form-control wpcf7-text wpcf7-validates-as-required\" aria-required=\"true\" aria-invalid=\"false\" placeholder=\"Name *\" value=\"\" type=\"text\" name=\"your-name\" \/><\/span>\n<\/p>\n<p><span class=\"wpcf7-form-control-wrap\" data-name=\"your-email\"><input size=\"40\" maxlength=\"400\" class=\"wpcf7-form-control wpcf7-email wpcf7-validates-as-required wpcf7-text wpcf7-validates-as-email\" aria-required=\"true\" aria-invalid=\"false\" placeholder=\"Email *\" value=\"\" type=\"email\" name=\"your-email\" \/><\/span>\n<\/p>\n<p><span class=\"wpcf7-form-control-wrap\" data-name=\"your-subject\"><input size=\"40\" maxlength=\"400\" class=\"wpcf7-form-control wpcf7-text wpcf7-validates-as-required\" aria-required=\"true\" aria-invalid=\"false\" placeholder=\"Subject *\" value=\"\" type=\"text\" name=\"your-subject\" \/><\/span>\n<\/p>\n<p><span class=\"wpcf7-form-control-wrap\" data-name=\"your-message\"><textarea cols=\"40\" rows=\"10\" maxlength=\"2000\" class=\"wpcf7-form-control wpcf7-textarea wpcf7-validates-as-required\" aria-required=\"true\" aria-invalid=\"false\" placeholder=\"Message *\" name=\"your-message\"><\/textarea><\/span>\n<\/p>\n<p><span class=\"wpcf7-form-control-wrap\" data-name=\"acceptance-650\"><span class=\"wpcf7-form-control wpcf7-acceptance\"><span class=\"wpcf7-list-item\"><label><input type=\"checkbox\" name=\"acceptance-650\" value=\"1\" aria-invalid=\"false\" \/><span class=\"wpcf7-list-item-label\">He llegit i accepto la <a href=\"https:\/\/www.dropbox.com\/s\/wouz1vib24g7qdt\/INFORMACI%C3%93%20B%C3%80SICA%20SOBRE%20PROTECCI%C3%93%20DE%20DADES.pdf?dl=0\" target=\"_blank\" rel=\"noopener\">Informaci\u00f3 b\u00e0sica sobre protecci\u00f3 de dades<\/a>, aix\u00ed com la informaci\u00f3 addicional detallada en la <a href=\"https:\/\/www.dropbox.com\/s\/kdnl8z2orqztpe3\/ESCOLA_MERITXELL_POLITICA_DE_PROTECCIO_DE_DADES_PAGINA_WEB_.pdf?dl=0\" target=\"_blank\" rel=\"noopener\">Pol\u00edtica de privacitat i protecci\u00f3 de dades<\/a>.<\/span><\/label><\/span><\/span><\/span>\n<\/p>\n<p><span class=\"wpcf7-form-control-wrap\" data-name=\"acceptance-660\"><span class=\"wpcf7-form-control wpcf7-acceptance optional\"><span class=\"wpcf7-list-item\"><label><input type=\"checkbox\" name=\"acceptance-660\" value=\"1\" aria-invalid=\"false\" \/><span class=\"wpcf7-list-item-label\">Accepto rebre butlletins informatius sobre les activitats de: ESCOLA MERITXELL<\/span><\/label><\/span><\/span><\/span>\n<\/p>\n<p><input class=\"wpcf7-form-control wpcf7-submit has-spinner\" type=\"submit\" value=\"Send\" \/>\n<\/p><input type=\"text\" name=\"cGHZ0\" value=\"\" style=\"display: none !important;\" \/><div class=\"wpcf7-response-output\" aria-hidden=\"true\"><\/div>\n<\/form>\n<\/div>\n[vc_column_text css=&#8221;&#8221;]<b><span data-olk-copy-source=\"MessageBody\">INFORMACI\u00d3 B\u00c0SICA SOBRE PROTECCI\u00d3 DE DADES<\/span><\/b><\/p>\n<p><b>Responsable:<\/b>\u00a0ESCOLA MERITXELL.<br \/>\n<b>Finalitat:<\/b>\u00a0Respondre a les consultes que realitzen els usuaris.<br \/>\n<b>Legitimaci\u00f3:<\/b>\u00a0Consentiment de l\u2019 interessat.<br \/>\n<b>Destinataris<\/b>: No se cediran dades a tercers, llevat d\u2019 obligaci\u00f3 legal.<br \/>\n<b>Drets:<\/b>\u00a0Retireu el consentiment, accedir, rectificar i suprimir dades, aix\u00ed com altres drets, com s\u2019 explica en la informaci\u00f3 addicional.<br \/>\n<b>Informaci\u00f3 addicional:\u00a0<\/b>Podeu consultar la informaci\u00f3 addicional i detallada sobre protecci\u00f3 de dades a la nostra p\u00e0gina web:\u00a0<a class=\"keychainify-checked\" title=\"http:\/\/www.fundaciomeritxell.cat\" href=\"http:\/\/www.fundaciomeritxell.cat\/\" target=\"_blank\" rel=\"noopener noreferrer\" data-auth=\"NotApplicable\" data-linkindex=\"0\">www.fundaciomeritxell.cat<\/a>[\/vc_column_text][\/vc_column][vc_column width=&#8221;1\/2&#8243;][vc_custom_heading text=&#8221;Contact information&#8221; font_container=&#8221;tag:h3|text_align:left&#8221; use_theme_fonts=&#8221;yes&#8221;][vc_empty_space][vc_column_text]<\/p>\n<div style=\"line-height: 2cm;\">\n<ul>\n<li>\n<h4><span class=\"desc\">Phone Number:\u00a0 <\/span><a href=\"tel:937556550\">937 556 550<\/a><\/h4>\n<\/li>\n<li>\n<h4><span class=\"desc\">E-mail: <\/span><a href=\"mailto:secretaria@escolameritxell.org\">secretaria@escolameritxell.org<\/a><\/h4>\n<\/li>\n<li>\n<h4><span class=\"desc\">Schedule: Monday-Friday from 8.30 am to 5.30 pm<\/span><\/h4>\n<\/li>\n<li>\n<h4><span class=\"desc\">Address: <\/span>C\/ Passet, 16 Urb. Can Quirze, Matar\u00f3<\/h4>\n<\/li>\n<\/ul>\n<\/div>\n<p>[\/vc_column_text][vc_empty_space height=&#8221;16px&#8221;][vc_custom_heading text=&#8221;Social Networks&#8221; font_container=&#8221;tag:h3|text_align:left&#8221; use_theme_fonts=&#8221;yes&#8221;]<div class=\"thim-widget-social template-base\"><div class=\"thim-social\">\n\t\t<ul class=\"social_link\">\n\t\t<li><a class=\"facebook hasTooltip\" href=\"https:\/\/www.facebook.com\/pages\/Escola-Meritxell\/125380627618182\" target=\"_blank\" rel=\"noopener\"><i class=\"edu-facebook\"><\/i>Facebook<\/a><\/li><li><a class=\"twitter hasTooltip\" href=\"https:\/\/twitter.com\/EscolaMeritxell\" target=\"_blank\" rel=\"noopener\"><i class=\"edu-x-twitter\"><\/i>Twitter<\/a><\/li><li><a class=\"instagram hasTooltip\" href=\"https:\/\/www.instagram.com\/escolameritxellmataro\/\" target=\"_blank\" rel=\"noopener\"><i class=\"edu-instagram\"><\/i>Instagram<\/a><\/li><li><a class=\"youtube hasTooltip\" href=\"https:\/\/www.youtube.com\/channel\/UCnAcJwcC5Mp3lsm7INnAVcA\" target=\"_blank\" rel=\"noopener\"><i class=\"edu-youtube\"><\/i>Youtube<\/a><\/li>\t<\/ul>\n<\/div>\n<\/div>[\/vc_column][\/vc_row][vc_row][vc_column][vc_gmaps link=&#8221;#E-8_JTNDaWZyYW1lJTIwc3JjJTNEJTIyaHR0cHMlM0ElMkYlMkZ3d3cuZ29vZ2xlLmNvbSUyRm1hcHMlMkZlbWJlZCUzRnBiJTNEJTIxMW0xOCUyMTFtMTIlMjExbTMlMjExZDI5ODUuNjA3MzYyOTA2MDI1NiUyMTJkMi40NjQwNzQlMjEzZDQxLjU1NjA5NiUyMTJtMyUyMTFmMCUyMTJmMCUyMTNmMCUyMTNtMiUyMTFpMTAyNCUyMTJpNzY4JTIxNGYxMy4xJTIxM20zJTIxMW0yJTIxMXMweDAwMDAwMDAwMDAwMDAwMDAlMjUzQTB4ZDViNDk3YzVlNGQ2N2IwMCUyMTJzRXNjb2xhJTJCTWVyaXR4ZWxsJTIxNWUwJTIxM20yJTIxMXNlcyUyMTJzZXMlMjE0djE0MjU4OTk3MjMwMjYlMjIlMjB3aWR0aCUzRCUyMjYwMCUyMiUyMGhlaWdodCUzRCUyMjQ1MCUyMiUyMGZyYW1lYm9yZGVyJTNEJTIyMCUyMiUyMHN0eWxlJTNEJTIyYm9yZGVyJTNBMCUyMiUyMGFsbG93ZnVsbHNjcmVlbiUzRSUzQyUyRmlmcmFtZSUzRQ==&#8221;][\/vc_column][\/vc_row]<\/p>\n<\/div>","protected":false},"excerpt":{"rendered":"<p>[vc_row gap=&#8221;10&#8243;][vc_column width=&#8221;1\/2&#8243;][vc_custom_heading text=&#8221;Send us a message&#8221; font_container=&#8221;tag:h3|text_align:left&#8221; use_theme_fonts=&#8221;yes&#8221;][vc_column_text css=&#8221;&#8221;]INFORMACI\u00d3 B\u00c0SICA SOBRE PROTECCI\u00d3 DE DADES Responsable:\u00a0ESCOLA MERITXELL. Finalitat:\u00a0Respondre a les consultes que realitzen els usuaris. Legitimaci\u00f3:\u00a0Consentiment de l\u2019 interessat. Destinataris: No se cediran dades a tercers, llevat d\u2019 obligaci\u00f3 legal. Drets:\u00a0Retireu el consentiment, accedir, rectificar i suprimir dades, aix\u00ed com &hellip; <\/p>\n","protected":false},"author":2,"featured_media":0,"parent":0,"menu_order":0,"comment_status":"closed","ping_status":"closed","template":"","meta":{"rs_blank_template":"","rs_page_bg_color":"","slide_template_v7":"","footnotes":""},"class_list":["post-16634","page","type-page","status-publish","hentry"],"_links":{"self":[{"href":"https:\/\/www.fundaciomeritxell.cat\/en\/wp-json\/wp\/v2\/pages\/16634","targetHints":{"allow":["GET"]}}],"collection":[{"href":"https:\/\/www.fundaciomeritxell.cat\/en\/wp-json\/wp\/v2\/pages"}],"about":[{"href":"https:\/\/www.fundaciomeritxell.cat\/en\/wp-json\/wp\/v2\/types\/page"}],"author":[{"embeddable":true,"href":"https:\/\/www.fundaciomeritxell.cat\/en\/wp-json\/wp\/v2\/users\/2"}],"replies":[{"embeddable":true,"href":"https:\/\/www.fundaciomeritxell.cat\/en\/wp-json\/wp\/v2\/comments?post=16634"}],"version-history":[{"count":2,"href":"https:\/\/www.fundaciomeritxell.cat\/en\/wp-json\/wp\/v2\/pages\/16634\/revisions"}],"predecessor-version":[{"id":25813,"href":"https:\/\/www.fundaciomeritxell.cat\/en\/wp-json\/wp\/v2\/pages\/16634\/revisions\/25813"}],"wp:attachment":[{"href":"https:\/\/www.fundaciomeritxell.cat\/en\/wp-json\/wp\/v2\/media?parent=16634"}],"curies":[{"name":"wp","href":"https:\/\/api.w.org\/{rel}","templated":true}]}}